{"id":73048,"date":"2018-08-08T12:18:21","date_gmt":"2018-08-08T12:18:21","guid":{"rendered":"https:\/\/a-kd.brecklinghaus.com\/?page_id=73048"},"modified":"2021-06-18T18:09:18","modified_gmt":"2021-06-18T16:09:18","slug":"projekte-2","status":"publish","type":"page","link":"https:\/\/a-kd.de\/index.php\/projekte-2\/","title":{"rendered":"Projekte"},"content":{"rendered":"<p>[vc_row][vc_column width=&#8220;1\/1&#8243;][vc_column_text border_color=&#8220;color-wvjs&#8220;]<\/p>\n<p style=\"text-align: center;\">Mit einem hohen Anspruch an Qualit\u00e4t, Funktionalit\u00e4t, Kreativit\u00e4t, Termingenauigkeit und Kostensicherheit widmen wir uns den uns gestellten Aufgaben, um die Visionen unserer Bauherren real werden zu lassen.<\/p>\n<p style=\"text-align: center;\"><u>Wir sind der Partner f\u00fcr:<\/u><br \/>\n<strong><a href=\"https:\/\/a-kd.de\/index.php\/portfolio_cat\/autohaeuser\/\">Autoh\u00e4user<\/a>\u00a0 |\u00a0 <a href=\"https:\/\/a-kd.de\/index.php\/portfolio_cat\/gewerbebau\/\">Gewerbebau<\/a>\u00a0 |\u00a0 <a href=\"https:\/\/a-kd.de\/index.php\/portfolio_cat\/wohnhaeuser\/\">Wohnh\u00e4user<\/a>\u00a0 |\u00a0 <a href=\"https:\/\/a-kd.de\/index.php\/portfolio_cat\/denkmalschutz\/\">Denkmalschutz<\/a>\u00a0 |\u00a0 <a href=\"https:\/\/a-kd.de\/index.php\/portfolio_cat\/projektentwicklung\/\">Projektentwicklung<\/a>\u00a0 | <a href=\"https:\/\/a-kd.de\/index.php\/portfolio_cat\/dienstleistung\/\">Dienstleistung<\/a> \u00a0 |\u00a0 <a href=\"https:\/\/a-kd.de\/index.php\/portfolio_cat\/verwaltung\/\">Verwaltung<\/a><\/strong><\/p>\n<p>[\/vc_column_text][\/vc_column][\/vc_row][vc_row][vc_column][vc_column_text]\n<table id=\"tablepress-1\" class=\"tablepress tablepress-id-1\">\n<thead>\n<tr class=\"row-1 odd\">\n\t<th class=\"column-1\">Projektname<\/th><th class=\"column-2\">Ort<\/th><th class=\"column-3\">Typ<\/th><th class=\"column-4\">Fertigstellung<\/th>\n<\/tr>\n<\/thead>\n<tbody class=\"row-hover\">\n<tr class=\"row-2 even\">\n\t<td class=\"column-1\">Neubau Porsche Zentrum Friedrichshafen<\/td><td class=\"column-2\">Friedrichshafen<\/td><td class=\"column-3\">Autoh\u00e4user<\/td><td class=\"column-4\">2024<\/td>\n<\/tr>\n<tr class=\"row-3 odd\">\n\t<td class=\"column-1\">Neubau des Porsche Zentrums Karlsruhe nach Porsche Destination Masterplanung<\/td><td class=\"column-2\">Ettlingen<\/td><td class=\"column-3\">Autoh\u00e4user<\/td><td class=\"column-4\">2023 \/ 11<\/td>\n<\/tr>\n<tr class=\"row-4 even\">\n\t<td class=\"column-1\"><a href=\"https:\/\/a-kd.de\/index.php\/portfolio\/seat-cupra-singen\/\"><font color=\"black\">Umbau und Renovierung einer Fahrzeugausstellung zu einem SEAT \/ CUPRA-Store<\/a><\/font><\/td><td class=\"column-2\">Singen<\/td><td class=\"column-3\">Autoh\u00e4user<\/td><td class=\"column-4\">2023 \/ 09<\/td>\n<\/tr>\n<tr class=\"row-5 odd\">\n\t<td class=\"column-1\"><a href=\"https:\/\/a-kd.de\/index.php\/portfolio\/vw-singen-new-brand-design\/\"><font color=\"black\">Umbau und Renovierung der VW-Fahrzeugausstellung nach New Brand Design<\/a><\/font><\/td><td class=\"column-2\">Singen<\/td><td class=\"column-3\">Autoh\u00e4user<\/td><td class=\"column-4\">2023 \/ 04<\/td>\n<\/tr>\n<tr class=\"row-6 even\">\n\t<td class=\"column-1\">Umbau und Renovierung Lackierbereich oder Gebrauchtwagen<\/td><td class=\"column-2\">\u00dcberlingen<\/td><td class=\"column-3\">Autoh\u00e4user<\/td><td class=\"column-4\">2022 \/ 12<\/td>\n<\/tr>\n<tr class=\"row-7 odd\">\n\t<td class=\"column-1\"><a href=\"https:\/\/a-kd.de\/index.php\/portfolio\/seat-bauschatz-sigmaringen\/\"><font color=\"black\">Umbau der VW Ausstellung zu SEAT<\/a><\/font><\/td><td class=\"column-2\">Sigmaringen<\/td><td class=\"column-3\">Autoh\u00e4user<\/td><td class=\"column-4\">2022 \/ 03<\/td>\n<\/tr>\n<tr class=\"row-8 even\">\n\t<td class=\"column-1\"><a href=\"https:\/\/a-kd.de\/index.php\/portfolio\/78261-2\/\"><font color=\"black\">Tiemeyer Sanierung Werkstattfassade<\/a><\/font><\/td><td class=\"column-2\">Castrop-Rauxel<\/td><td class=\"column-3\">Autoh\u00e4user<\/td><td class=\"column-4\">2021 \/ 10<\/td>\n<\/tr>\n<tr class=\"row-9 odd\">\n\t<td class=\"column-1\"><a href=\"https:\/\/a-kd.de\/index.php\/portfolio\/anbau-eines-seat-xs-stores-in-bruchsal\/\"><font color=\"black\">Anbau eines SEAT XS-Stores in Bruchsal Graf Hardenberg<\/a><\/font><\/td><td class=\"column-2\">Bruchsal<\/td><td class=\"column-3\">Autoh\u00e4user<\/td><td class=\"column-4\">2021 \/ 10<\/td>\n<\/tr>\n<tr class=\"row-10 even\">\n\t<td class=\"column-1\"><a href=\"https:\/\/a-kd.de\/index.php\/portfolio\/picard-2-0\/\"><font color=\"black\">Anbau eines B\u00fcrogeb\u00e4udes + einer Lagerhalle, Firma Picard<\/a><\/font><\/td><td class=\"column-2\">Bochum<\/td><td class=\"column-3\">Gewerbebau<\/td><td class=\"column-4\">2021 \/ 10<\/td>\n<\/tr>\n<tr class=\"row-11 odd\">\n\t<td class=\"column-1\"><a href=\"https:\/\/a-kd.de\/index.php\/portfolio\/tiemeyer-audi-gelsenkirchen-buer\/\"><font color=\"black\">Renovierung AUDI Tiemeyer<\/a><\/font><\/td><td class=\"column-2\">Gelsenkirchen<\/td><td class=\"column-3\">Autoh\u00e4user<\/td><td class=\"column-4\">2021 \/ 09<\/td>\n<\/tr>\n<tr class=\"row-12 even\">\n\t<td class=\"column-1\"><a href=\"https:\/\/a-kd.de\/index.php\/portfolio\/tiemeyer-seat-oberhausen\/\"><font color=\"black\">Tiemeyer SEAT<\/a><\/font><\/td><td class=\"column-2\">Oberhausen<\/td><td class=\"column-3\">Autoh\u00e4user<\/td><td class=\"column-4\">2021 \/ 04<\/td>\n<\/tr>\n<tr class=\"row-13 odd\">\n\t<td class=\"column-1\"><a href=\"https:\/\/a-kd.de\/index.php\/portfolio\/neubau-audi-terminal-karosserie-und-lackierzentrum-gh-gerwigstrasse-karlsruhe\/\"><font color=\"black\">Neubau AUDI Terminal Karosserie- und Lackierzentrum GH Gerwigstra\u00dfe<\/a><\/font><\/td><td class=\"column-2\">Karlsruhe<\/td><td class=\"column-3\">Autoh\u00e4user<\/td><td class=\"column-4\">2021<\/td>\n<\/tr>\n<tr class=\"row-14 even\">\n\t<td class=\"column-1\"><a  href=\"https:\/\/a-kd.de\/index.php\/portfolio\/umbau-der-seat-ausstellung-mit-dialogannahme-tiemeyer-duisburg\/\"><font color=\"black\"><strong>Umbau der SEAT-Ausstellung mit Dialogannahme<br \/>\n<\/a><\/font><\/strong><\/td><td class=\"column-2\">Duisburg<\/td><td class=\"column-3\">Autoh\u00e4user<\/td><td class=\"column-4\">2019 \/ 06<\/td>\n<\/tr>\n<tr class=\"row-15 odd\">\n\t<td class=\"column-1\">WH Autozentrum, Anbau von Sozialr\u00e4umen<\/td><td class=\"column-2\">Witten<\/td><td class=\"column-3\">Autoh\u00e4user<\/td><td class=\"column-4\">2019 \/ 06<\/td>\n<\/tr>\n<tr class=\"row-16 even\">\n\t<td class=\"column-1\"><a  href=\"https:\/\/a-kd.de\/index.php\/portfolio\/skoda-karlsruhe\/\"><font color=\"black\"><strong>Neubau eines Autohauses SKODA Graf Hardenberg am Durlacher Tor <br \/>\n<\/a><\/font><\/strong><\/td><td class=\"column-2\">Karlsruhe<\/td><td class=\"column-3\">Autoh\u00e4user<\/td><td class=\"column-4\">2019 \/ 05<br \/>\n<\/td>\n<\/tr>\n<tr class=\"row-17 odd\">\n\t<td class=\"column-1\">Werkstatt Umbau ehem. Autohaus Ritter Ford<\/td><td class=\"column-2\">Karlsruhe<\/td><td class=\"column-3\">Autoh\u00e4user<\/td><td class=\"column-4\">2019 \/ 04<br \/>\n<\/td>\n<\/tr>\n<tr class=\"row-18 even\">\n\t<td class=\"column-1\">Anbau einer Nutzfahrzeughalle GH<br \/>\n<\/td><td class=\"column-2\">Offenburg<\/td><td class=\"column-3\">Autoh\u00e4user<\/td><td class=\"column-4\">2019 \/ 04<br \/>\n<\/td>\n<\/tr>\n<tr class=\"row-19 odd\">\n\t<td class=\"column-1\"><a href=\"https:\/\/a-kd.de\/index.php\/portfolio\/tiemeyer-castrop-rauxel-gw-freiausstellung\/\"><font color=\"black\">Tiemeyer Castrop-Rauxel GW-Freiausstellung<\/a><\/font><\/td><td class=\"column-2\">Castrop-Rauxel<\/td><td class=\"column-3\">Autoh\u00e4user<\/td><td class=\"column-4\">2019 \/ 03<\/td>\n<\/tr>\n<tr class=\"row-20 even\">\n\t<td class=\"column-1\">Umbau der Ausstellung zu SEAT im VW Autohaus<\/td><td class=\"column-2\">Plettenberg<\/td><td class=\"column-3\">Autoh\u00e4user<\/td><td class=\"column-4\">2019 \/ 03<\/td>\n<\/tr>\n<tr class=\"row-21 odd\">\n\t<td class=\"column-1\"><a href=\"https:\/\/a-kd.de\/index.php\/portfolio\/umbau-eines-ehem-verbrauchermarktes-zum-vw-autohaus-schmeink-wesel\/\"><font color=\"black\">Umbau eines ehem. Verbrauchermarktes zum VW Autohaus Schmeink<\/a><\/font><\/td><td class=\"column-2\">Wesel<\/td><td class=\"column-3\">Autoh\u00e4user<\/td><td class=\"column-4\">2019 \/ 02<\/td>\n<\/tr>\n<tr class=\"row-22 even\">\n\t<td class=\"column-1\">Umbau AUDI Terminal, Einbau einer Customer Privat Lounge gem. AUDI CI<\/td><td class=\"column-2\">Bochum<\/td><td class=\"column-3\">Autoh\u00e4user<\/td><td class=\"column-4\">2018 \/ 12<\/td>\n<\/tr>\n<tr class=\"row-23 odd\">\n\t<td class=\"column-1\">Erweiterung Porsche Zentrum (NW Ausstellung, Werkstatt + GW Platz)<br \/>\n<\/td><td class=\"column-2\">Hilzingen<\/td><td class=\"column-3\">Autoh\u00e4user<\/td><td class=\"column-4\">2018 \/ 12<\/td>\n<\/tr>\n<tr class=\"row-24 even\">\n\t<td class=\"column-1\"><a href=\"https:\/\/a-kd.de\/index.php\/portfolio\/umbau-eines-ehem-skoda-betrieb-zum-seat-betrieb-karlsruhe\/\"><font color=\"black\">Umbau eines ehem. SKODA Betrieb zum SEAT Betrieb<\/a><\/font><\/td><td class=\"column-2\">Karlsruhe<\/td><td class=\"column-3\">Autoh\u00e4user<\/td><td class=\"column-4\">2018 \/ 12<\/td>\n<\/tr>\n<tr class=\"row-25 odd\">\n\t<td class=\"column-1\">Umbau AUDI Terminal, Einbau einer Customer Privat Lounge gem. AUDI CI<\/td><td class=\"column-2\">Konstanz<\/td><td class=\"column-3\">Autoh\u00e4user<\/td><td class=\"column-4\">2018 \/ 12<\/td>\n<\/tr>\n<tr class=\"row-26 even\">\n\t<td class=\"column-1\">Umbau WH Autozentrum SKODA<\/td><td class=\"column-2\">Witten<\/td><td class=\"column-3\">Autoh\u00e4user<\/td><td class=\"column-4\">2018 \/ 12<\/td>\n<\/tr>\n<tr class=\"row-27 odd\">\n\t<td class=\"column-1\">Umsetzung NFZ Standards im VW Autohaus Schauerte<\/td><td class=\"column-2\">Finnentrop<\/td><td class=\"column-3\">Autoh\u00e4user<\/td><td class=\"column-4\">2018 \/ 11<\/td>\n<\/tr>\n<tr class=\"row-28 even\">\n\t<td class=\"column-1\">Umsetzung NFZ Standards SKODA Center Autohaus Schauerte <\/td><td class=\"column-2\">Werdohl<\/td><td class=\"column-3\">Autoh\u00e4user<\/td><td class=\"column-4\">2018 \/ 11<\/td>\n<\/tr>\n<tr class=\"row-29 odd\">\n\t<td class=\"column-1\">neue GW Plus Ausstellung Tiemeyer<\/td><td class=\"column-2\">Bochum<\/td><td class=\"column-3\">Autoh\u00e4user<\/td><td class=\"column-4\">2018 \/ 10<\/td>\n<\/tr>\n<tr class=\"row-30 even\">\n\t<td class=\"column-1\">Nutzungserweiterung AUDI Zentrum<\/td><td class=\"column-2\">Bochum<\/td><td class=\"column-3\">Autoh\u00e4user<\/td><td class=\"column-4\">2018 \/ 10<br \/>\n<\/td>\n<\/tr>\n<tr class=\"row-31 odd\">\n\t<td class=\"column-1\"><a href=\"https:\/\/a-kd.de\/index.php\/portfolio\/audi-zentrum-singen\/\"><font color=\"black\">Umbau und Erweiterung der Ausstellung und Werkstatt AUDI Zentrum<\/a><\/font><\/td><td class=\"column-2\">Singen<\/td><td class=\"column-3\">Autoh\u00e4user<\/td><td class=\"column-4\">2018 \/ 10<\/td>\n<\/tr>\n<tr class=\"row-32 even\">\n\t<td class=\"column-1\"><a href=\"https:\/\/a-kd.de\/index.php\/portfolio\/umsetzung-vw-nfz-standards-und-erweiterung-der-werkstatt-im-autohaus-tiemeyer-gelsenkirchen\/\"><font color=\"black\">Umsetzung VW NFZ-Standards im Autohaus Tiemeyer Gelsenkirchen<\/a><\/font><\/td><td class=\"column-2\">Gelsenkirchen<\/td><td class=\"column-3\">Autoh\u00e4user<\/td><td class=\"column-4\">2018 \/ 09<\/td>\n<\/tr>\n<tr class=\"row-33 odd\">\n\t<td class=\"column-1\">Umbau NF-Arbeitspl\u00e4tze im Autohaus GH<\/td><td class=\"column-2\">Aach<\/td><td class=\"column-3\">Autoh\u00e4user<\/td><td class=\"column-4\">2018 \/ 09<\/td>\n<\/tr>\n<tr class=\"row-34 even\">\n\t<td class=\"column-1\"><a href=\"https:\/\/a-kd.de\/index.php\/portfolio\/errichtung-einer-gebrauchtwagenfreiausstellung-und-einer-gw-verkaeuferbox-im-autohaus-tiemeyer\/\"><font color=\"black\">Errichtung Gebrauchtwagenfreiausstellung + GW-Verk\u00e4uferbox Autohaus Tiemeyer<\/a><\/font><\/td><td class=\"column-2\">Bochum<\/td><td class=\"column-3\">Autoh\u00e4user<br \/>\n<\/td><td class=\"column-4\">2018 \/ 09<\/td>\n<\/tr>\n<tr class=\"row-35 odd\">\n\t<td class=\"column-1\">Umbau VW Ausstellung Tiemeyer<\/td><td class=\"column-2\">Castrop-Rauxel<\/td><td class=\"column-3\">Autoh\u00e4user<\/td><td class=\"column-4\">2018 \/ 09<\/td>\n<\/tr>\n<tr class=\"row-36 even\">\n\t<td class=\"column-1\">Neubau eines Verwaltungsgeb\u00e4udes Spedtion Tauschlag<\/td><td class=\"column-2\">Gelsenkirchen<\/td><td class=\"column-3\">Gewerbebau<\/td><td class=\"column-4\">2018 \/ 09<br \/>\n<\/td>\n<\/tr>\n<tr class=\"row-37 odd\">\n\t<td class=\"column-1\">Umgestaltung der GWplus Freiausstellung im AUDI Zentrum<\/td><td class=\"column-2\">Karlsruhe<\/td><td class=\"column-3\">Autoh\u00e4user<\/td><td class=\"column-4\">2018 \/ 09<\/td>\n<\/tr>\n<tr class=\"row-38 even\">\n\t<td class=\"column-1\"><a href=\"https:\/\/a-kd.de\/index.php\/portfolio\/porsche-zentrum-landau\/\"><font color=\"black\">Neubau Porsche Zentrum Landau - Graf Hardenberg<\/a><\/font><\/td><td class=\"column-2\">Landau<\/td><td class=\"column-3\">Autoh\u00e4user<\/td><td class=\"column-4\">2018 \/ 09<\/td>\n<\/tr>\n<tr class=\"row-39 odd\">\n\t<td class=\"column-1\">Umsetzung NFZ-Standards, Erweiterung der Werkstatt im Autohaus Tiemeyer<\/td><td class=\"column-2\">Marl<\/td><td class=\"column-3\">Autoh\u00e4user<\/td><td class=\"column-4\">2018 \/ 09<br \/>\n<\/td>\n<\/tr>\n<tr class=\"row-40 even\">\n\t<td class=\"column-1\">Umbau + Renovierung gem. SRK 2.1 AUDI Graf Hardenberg<\/td><td class=\"column-2\">Offenburg<\/td><td class=\"column-3\">Autoh\u00e4user<\/td><td class=\"column-4\">2018 \/ 09<br \/>\n<\/td>\n<\/tr>\n<tr class=\"row-41 odd\">\n\t<td class=\"column-1\">Renovierug eines Einfamilienwohnhauses<\/td><td class=\"column-2\">Bochum<\/td><td class=\"column-3\">Wohnh\u00e4user<\/td><td class=\"column-4\">2018 \/ 08<\/td>\n<\/tr>\n<tr class=\"row-42 even\">\n\t<td class=\"column-1\"><a href=\"https:\/\/a-kd.de\/index.php\/portfolio\/harley-davidson-umbau-eines-best-ausstellungsraum-zu-einem-vollfunktionsbetrieb-bruchsal\/\"><font color=\"black\">Harley Davidson,  Umbau eines best. Ausstellungsraum zu einem Vollfunktionsbetrieb<\/a><\/font><\/td><td class=\"column-2\">Bruchsal<br \/>\n<\/td><td class=\"column-3\">Autoh\u00e4user<br \/>\n<\/td><td class=\"column-4\">2018 \/ 08<\/td>\n<\/tr>\n<tr class=\"row-43 odd\">\n\t<td class=\"column-1\">Einbau einer Waschstra\u00dfe am Durlacher Tor<\/td><td class=\"column-2\">Karlsruhe<\/td><td class=\"column-3\">Autoh\u00e4user<\/td><td class=\"column-4\">2018 \/ 08<\/td>\n<\/tr>\n<tr class=\"row-44 even\">\n\t<td class=\"column-1\">Umbau VW Zentrum, Umsetzung NFZ Standards<\/td><td class=\"column-2\">Singen<\/td><td class=\"column-3\">Autoh\u00e4user<\/td><td class=\"column-4\">2018 \/ 07<\/td>\n<\/tr>\n<tr class=\"row-45 odd\">\n\t<td class=\"column-1\"><a href=\"https:\/\/a-kd.de\/index.php\/portfolio\/umsetzung-vw-nfz-standards-und-erweiterung-der-werkstatt-tiemeyer-castrop-rauxel\/\"><font color=\"black\">Umsetzung NFZ-Standards, Erweiterung der Werkstatt im Autohaus Tiemeyer<\/a><\/font><\/td><td class=\"column-2\">Castrop-Rauxel<\/td><td class=\"column-3\">Autoh\u00e4user<\/td><td class=\"column-4\">2018 \/ 06<br \/>\n<\/td>\n<\/tr>\n<tr class=\"row-46 even\">\n\t<td class=\"column-1\">Errichtung einer AUDI GWplus Ausstellung mit Verkaufspavillon Tiemeyer<\/td><td class=\"column-2\">Duisburg<\/td><td class=\"column-3\">Autoh\u00e4user<\/td><td class=\"column-4\">2018 \/ 06<br \/>\n<\/td>\n<\/tr>\n<tr class=\"row-47 odd\">\n\t<td class=\"column-1\"><a href=\"erweiterung-einer-werkstatt-mit-annahme-tiemeyer-bochum\"><font color=\"black\">Erweiterung einer Werkstatt mit Annahme Tiemeyer<\/a><\/font><\/td><td class=\"column-2\">Bochum<\/td><td class=\"column-3\">Autoh\u00e4user<\/td><td class=\"column-4\">2018 \/ 06<\/td>\n<\/tr>\n<tr class=\"row-48 even\">\n\t<td class=\"column-1\">Umsetzung NFZ Standards im Autohaus Sch\u00fcrmann<\/td><td class=\"column-2\">Herten<\/td><td class=\"column-3\">Autoh\u00e4user<\/td><td class=\"column-4\">2018 \/ 03<\/td>\n<\/tr>\n<tr class=\"row-49 odd\">\n\t<td class=\"column-1\">Bauvoranfrage zur Fl\u00e4chenumnutzung am Autohaus Nix<\/td><td class=\"column-2\">W\u00e4chtersbach<\/td><td class=\"column-3\">Autoh\u00e4user<\/td><td class=\"column-4\">2018 \/ 02<\/td>\n<\/tr>\n<tr class=\"row-50 even\">\n\t<td class=\"column-1\"><a href=\"https:\/\/a-kd.de\/index.php\/portfolio\/trade-port-bochum\/\"><font color=\"black\">Umbau + Erweiterung Trade Port Autohaus Wicke<\/a><\/font><\/td><td class=\"column-2\">Bochum<\/td><td class=\"column-3\">Autoh\u00e4user<\/td><td class=\"column-4\">2017 \/ 12<\/td>\n<\/tr>\n<tr class=\"row-51 odd\">\n\t<td class=\"column-1\">Umsetzung NFZ-Standards Graf Hardenberg<\/td><td class=\"column-2\">Bretten<\/td><td class=\"column-3\">Autoh\u00e4user<\/td><td class=\"column-4\">2017 \/ 12<\/td>\n<\/tr>\n<tr class=\"row-52 even\">\n\t<td class=\"column-1\">Umsetzung NFZ-Standards Graf Hardenberg<\/td><td class=\"column-2\">Bruchsal<\/td><td class=\"column-3\">Autoh\u00e4user<\/td><td class=\"column-4\">2017 \/ 12<\/td>\n<\/tr>\n<tr class=\"row-53 odd\">\n\t<td class=\"column-1\">Konzeptplanung BBQ King Company<\/td><td class=\"column-2\">Gelsenkirchen<\/td><td class=\"column-3\">Gewerbebau<\/td><td class=\"column-4\">2017 \/ 12<br \/>\n<\/td>\n<\/tr>\n<tr class=\"row-54 even\">\n\t<td class=\"column-1\">Umbau NFZ-Standards im NF Zentrum<br \/>\n<\/td><td class=\"column-2\">Karlsruhe<\/td><td class=\"column-3\">Autoh\u00e4user<\/td><td class=\"column-4\">2017 \/ 12<\/td>\n<\/tr>\n<tr class=\"row-55 odd\">\n\t<td class=\"column-1\">Umbau des VW und AUDI Autohauses GH<br \/>\n<\/td><td class=\"column-2\">Offenburg<\/td><td class=\"column-3\">Autoh\u00e4user<\/td><td class=\"column-4\">2017 \/ 12<br \/>\n<\/td>\n<\/tr>\n<tr class=\"row-56 even\">\n\t<td class=\"column-1\">neue GW plus Ausstellung Audi Zentrum<\/td><td class=\"column-2\">Singen<\/td><td class=\"column-3\">Autoh\u00e4user<\/td><td class=\"column-4\">2017 \/ 12<\/td>\n<\/tr>\n<tr class=\"row-57 odd\">\n\t<td class=\"column-1\">Fasssadensanierung Graf Hardenberg<\/td><td class=\"column-2\">\u00dcberlingen<\/td><td class=\"column-3\">Autoh\u00e4user<\/td><td class=\"column-4\">2017 \/ 12<\/td>\n<\/tr>\n<tr class=\"row-58 even\">\n\t<td class=\"column-1\"><a href=\"https:\/\/a-kd.de\/index.php\/portfolio\/toyota-szabo-wertheim\/\"><font color=\"black\">Erweitung der Werkstatt am Autohaus Szabo<\/a><\/font><\/td><td class=\"column-2\">Wertheim<\/td><td class=\"column-3\">Autoh\u00e4user<\/td><td class=\"column-4\">2017 \/ 12<br \/>\n<\/td>\n<\/tr>\n<tr class=\"row-59 odd\">\n\t<td class=\"column-1\">Nutzungs\u00e4nderung ehem. Ladenlokal zu Betriebsr\u00e4umen der  Haustechnikfirma Werner<\/td><td class=\"column-2\">Gelsenkirchen<\/td><td class=\"column-3\">Gewerbebau<\/td><td class=\"column-4\">2017 \/ 11<\/td>\n<\/tr>\n<tr class=\"row-60 even\">\n\t<td class=\"column-1\"><a href=\"https:\/\/a-kd.de\/index.php\/portfolio\/erweiterung-werkstatt-skoda-radolfzell\/\"><font color=\"black\">Anbau einer Werkstatt mit Sozialr\u00e4umen, SKODA GH<\/a><\/font><br \/>\n<\/td><td class=\"column-2\">Radolfzell<\/td><td class=\"column-3\">Autoh\u00e4user<\/td><td class=\"column-4\">2017 \/ 11<\/td>\n<\/tr>\n<tr class=\"row-61 odd\">\n\t<td class=\"column-1\">Umsetzung NFZ Standards Graf Hardenberg<br \/>\n<\/td><td class=\"column-2\">Tuttlingen<\/td><td class=\"column-3\">Autoh\u00e4user<\/td><td class=\"column-4\">2017 \/ 11<\/td>\n<\/tr>\n<tr class=\"row-62 even\">\n\t<td class=\"column-1\">Anbau eines Aufenthaltsraumes am Toyota H\u00e4nderbetrieb Nix<\/td><td class=\"column-2\">W\u00e4chtersbach<\/td><td class=\"column-3\">Autoh\u00e4user<\/td><td class=\"column-4\">2017 \/ 11<br \/>\n<\/td>\n<\/tr>\n<tr class=\"row-63 odd\">\n\t<td class=\"column-1\"><a href=\"https:\/\/a-kd.de\/index.php\/portfolio\/umbau-der-vw-ausstellung-zu-skoda-tiemeyer-bochum\/\"><font color=\"black\">Umbau einer VW-Ausstellung zu SKODA Tiemeyer<\/a><\/font><\/td><td class=\"column-2\">Bochum<br \/>\n<\/td><td class=\"column-3\">Autoh\u00e4user<\/td><td class=\"column-4\">2017 \/ 10<\/td>\n<\/tr>\n<tr class=\"row-64 even\">\n\t<td class=\"column-1\">Umbau und Renovierung VW Ausstellungsraum<\/td><td class=\"column-2\">Bruchsal<\/td><td class=\"column-3\">Autoh\u00e4user<\/td><td class=\"column-4\">2017 \/ 10<\/td>\n<\/tr>\n<tr class=\"row-65 odd\">\n\t<td class=\"column-1\">Umsetzung des Nutzfahrzeug- und PKW-Achsmessplatzes Keysberg<\/td><td class=\"column-2\">Haltern am See<\/td><td class=\"column-3\">Autoh\u00e4user<\/td><td class=\"column-4\">2017 \/ 09<\/td>\n<\/tr>\n<tr class=\"row-66 even\">\n\t<td class=\"column-1\">Neubau Porsche Zentrum Karlsruhe Generalbebauungsplan <br \/>\n<\/td><td class=\"column-2\">Karlsruhe<\/td><td class=\"column-3\">Autoh\u00e4user<\/td><td class=\"column-4\">2017 \/ 09<\/td>\n<\/tr>\n<tr class=\"row-67 odd\">\n\t<td class=\"column-1\">Grundsatzplanung AUDI Zentrum<\/td><td class=\"column-2\">Karlsruhe<\/td><td class=\"column-3\">Autoh\u00e4user<\/td><td class=\"column-4\">2017 \/ 09<\/td>\n<\/tr>\n<tr class=\"row-68 even\">\n\t<td class=\"column-1\"><a href=\"https:\/\/a-kd.de\/index.php\/portfolio\/umsetzung-vw-nfz-standards-im-autohaus-tiemeyer-bochum\/\"><font color=\"black\">Umsetzung VW NFZ-Standards im Autohaus Tiemeyer<\/a><\/font><br \/>\n<\/td><td class=\"column-2\">Bochum<br \/>\n<\/td><td class=\"column-3\">Autoh\u00e4user<\/td><td class=\"column-4\">2017 \/ 08<\/td>\n<\/tr>\n<tr class=\"row-69 odd\">\n\t<td class=\"column-1\"><a href=\"<br \/>\nhttps:\/\/a-kd.de\/index.php\/portfolio\/umsetzung-vw-nfz-arbeitsplaetze-im-autohaus-tiemeyer-ossmann\/\"><font color=\"black\"><br \/>\nUmsetzung VW NFZ-Arbeitspl\u00e4tze im Autohaus Tiemeyer + Ossmann<\/a><\/font><br \/>\n<\/td><td class=\"column-2\">Gelsenkirchen<\/td><td class=\"column-3\">Autoh\u00e4user<\/td><td class=\"column-4\">2017 \/ 08<br \/>\n<\/td>\n<\/tr>\n<tr class=\"row-70 even\">\n\t<td class=\"column-1\">Umsetzung NFZ-Standards, Autohaus Tiemann<\/td><td class=\"column-2\">Herne<\/td><td class=\"column-3\">Autoh\u00e4user<\/td><td class=\"column-4\">2017 \/ 08<\/td>\n<\/tr>\n<tr class=\"row-71 odd\">\n\t<td class=\"column-1\">Konzeptplanung eines Verwaltungsgeb\u00e4udes der GH Stifung Durmerheimer Stra\u00dfe<\/td><td class=\"column-2\">Karlsruhe<\/td><td class=\"column-3\">Autoh\u00e4user<\/td><td class=\"column-4\">2017 \/ 08<br \/>\n<\/td>\n<\/tr>\n<tr class=\"row-72 even\">\n\t<td class=\"column-1\">Wittener Transportkontor Heinrich Stratmann<\/td><td class=\"column-2\">Witten<\/td><td class=\"column-3\">Gewerbebau<\/td><td class=\"column-4\">2017 \/ 08<br \/>\n<\/td>\n<\/tr>\n<tr class=\"row-73 odd\">\n\t<td class=\"column-1\">Umsetzung NFZ Standards Autohaus Wicke<\/td><td class=\"column-2\">Bochum<\/td><td class=\"column-3\">Autoh\u00e4user<\/td><td class=\"column-4\">2017 \/ 07<\/td>\n<\/tr>\n<tr class=\"row-74 even\">\n\t<td class=\"column-1\">Konzeptplanung Neubau SEAT SKODA Ausstellung<\/td><td class=\"column-2\">Bruchsal<\/td><td class=\"column-3\">Autoh\u00e4user<\/td><td class=\"column-4\">2017 \/ 07<br \/>\n<\/td>\n<\/tr>\n<tr class=\"row-75 odd\">\n\t<td class=\"column-1\">Umr\u00fcstung gem. neuem Toyota Retail Konzept Autohaus Nix<\/td><td class=\"column-2\">Frankfurt<\/td><td class=\"column-3\">Autoh\u00e4user<\/td><td class=\"column-4\">2017 \/ 07<\/td>\n<\/tr>\n<tr class=\"row-76 even\">\n\t<td class=\"column-1\">Nutzungs\u00e4nderung ehemaliges Internetcafe zur Fahrschule Pieniak<\/td><td class=\"column-2\">Gelsenkirchen<\/td><td class=\"column-3\">Gewerbebau<\/td><td class=\"column-4\">2017 \/ 07<\/td>\n<\/tr>\n<tr class=\"row-77 odd\">\n\t<td class=\"column-1\">Umgestaltung GW Plus Ausstellung<\/td><td class=\"column-2\">Rastatt<\/td><td class=\"column-3\">Autoh\u00e4user<\/td><td class=\"column-4\">2017 \/ 07<\/td>\n<\/tr>\n<tr class=\"row-78 even\">\n\t<td class=\"column-1\">Umbau + Renovierung gem. SRK 2.1 AUDI Bauschatz<\/td><td class=\"column-2\">Sigmaringen<\/td><td class=\"column-3\">Autoh\u00e4user<\/td><td class=\"column-4\">2017 \/ 07<br \/>\n<\/td>\n<\/tr>\n<tr class=\"row-79 odd\">\n\t<td class=\"column-1\">Umnutzung alte Tankstelle zu B\u00fcro+ Verwaltungsr\u00e4umen Autohaus Nix<\/td><td class=\"column-2\">W\u00e4chtersbach<\/td><td class=\"column-3\">Autoh\u00e4user<\/td><td class=\"column-4\">2017 \/ 06<\/td>\n<\/tr>\n<tr class=\"row-80 even\">\n\t<td class=\"column-1\">Umbau eines Einfamilienhauses mit Einliegerwohnung<\/td><td class=\"column-2\">Gladbeck<\/td><td class=\"column-3\">Wohnh\u00e4user<\/td><td class=\"column-4\">2017 \/ 05<\/td>\n<\/tr>\n<tr class=\"row-81 odd\">\n\t<td class=\"column-1\">neues B\u00fcro der Serviceleitung im Porsche Zentrum Karlsruhe<\/td><td class=\"column-2\">Karlsruhe<\/td><td class=\"column-3\">Autoh\u00e4user<\/td><td class=\"column-4\">2017 \/ 04<br \/>\n<\/td>\n<\/tr>\n<tr class=\"row-82 even\">\n\t<td class=\"column-1\">Dachfl\u00e4che \u00fcber Service-Annahme VW Zentrum GH<br \/>\n<\/td><td class=\"column-2\">Singen<\/td><td class=\"column-3\">Autoh\u00e4user<\/td><td class=\"column-4\">2017 \/ 04<\/td>\n<\/tr>\n<tr class=\"row-83 odd\">\n\t<td class=\"column-1\">Umbau VW Ausstellung GH<br \/>\n<\/td><td class=\"column-2\">Tuttlingen<\/td><td class=\"column-3\">Autoh\u00e4user<\/td><td class=\"column-4\">2017 \/ 04<br \/>\n<\/td>\n<\/tr>\n<tr class=\"row-84 even\">\n\t<td class=\"column-1\">Umbau der Karosserie und Lackerei im Autohaus GH<br \/>\n<\/td><td class=\"column-2\">Tuttlingen<\/td><td class=\"column-3\">Autoh\u00e4user<\/td><td class=\"column-4\">2017 \/ 04<\/td>\n<\/tr>\n<tr class=\"row-85 odd\">\n\t<td class=\"column-1\">Einbau Achsmessplatz im Werkstattbereich Graf Hardenberg<br \/>\n<\/td><td class=\"column-2\">Eggenstein<\/td><td class=\"column-3\">Autoh\u00e4user<\/td><td class=\"column-4\">2017 \/ 03<\/td>\n<\/tr>\n<tr class=\"row-86 even\">\n\t<td class=\"column-1\">Neugestaltung Gebrauchtwagenfreiausstellung Tiemeyer<\/td><td class=\"column-2\">Recklinghausen<\/td><td class=\"column-3\">Autoh\u00e4user<\/td><td class=\"column-4\">2017 \/ 03<\/td>\n<\/tr>\n<tr class=\"row-87 odd\">\n\t<td class=\"column-1\">Konzeptplanung Mehrmarkenautohaus, Autohaus BHG <br \/>\n<\/td><td class=\"column-2\">Rottweil<\/td><td class=\"column-3\">Autoh\u00e4user<\/td><td class=\"column-4\">2017 \/ 03<\/td>\n<\/tr>\n<tr class=\"row-88 even\">\n\t<td class=\"column-1\">Nutzungs\u00e4nderung eines Ladenlokals zu einem Schulung-\/Beratungslokal<\/td><td class=\"column-2\">Gelsenkirchen<\/td><td class=\"column-3\">Gewerbebau<\/td><td class=\"column-4\">2017 \/ 02<br \/>\n<\/td>\n<\/tr>\n<tr class=\"row-89 odd\">\n\t<td class=\"column-1\">Nutzungserweiterung Zeche Hugo Schacht 2 ehem. F\u00f6rdermaschinenhaus <\/td><td class=\"column-2\">Gelsenkirchen<\/td><td class=\"column-3\">Gewerbebau<\/td><td class=\"column-4\">2017 \/ 02<\/td>\n<\/tr>\n<tr class=\"row-90 even\">\n\t<td class=\"column-1\">Einbau von B\u00fcros im Obergeschoss VW Zentrum <\/td><td class=\"column-2\">Karlsruhe<\/td><td class=\"column-3\">Autoh\u00e4user<\/td><td class=\"column-4\">2017 \/ 02<\/td>\n<\/tr>\n<tr class=\"row-91 odd\">\n\t<td class=\"column-1\">Generalbebauung Automeile Offenburg - Parkhaus mit 4 Ebenen, Reifenlager + Reststoffsammelstelle<\/td><td class=\"column-2\">Offenburg<\/td><td class=\"column-3\">Autoh\u00e4user<\/td><td class=\"column-4\">2017 \/ 02<\/td>\n<\/tr>\n<tr class=\"row-92 even\">\n\t<td class=\"column-1\">Verlagerung Firmensitz Firma Textlite<\/td><td class=\"column-2\">Gelsenkirchen<\/td><td class=\"column-3\">Gewerbebau<\/td><td class=\"column-4\">2016 \/ 12<\/td>\n<\/tr>\n<tr class=\"row-93 odd\">\n\t<td class=\"column-1\">Umsetzung der Auflagen VW CI Nutzfahrzeuge Kogelheide<\/td><td class=\"column-2\">Witten<\/td><td class=\"column-3\">Autoh\u00e4user<\/td><td class=\"column-4\">2016 \/ 12<\/td>\n<\/tr>\n<tr class=\"row-94 even\">\n\t<td class=\"column-1\">Renovierung Autohaus Wicke, Errichtung von 5 Verk\u00e4uferb\u00fcros <\/td><td class=\"column-2\">Bochum<\/td><td class=\"column-3\">Autoh\u00e4user<\/td><td class=\"column-4\">2016 \/ 11<\/td>\n<\/tr>\n<tr class=\"row-95 odd\">\n\t<td class=\"column-1\">Umbau BBQ King Company GmbH, Ausstellung, Verwaltung, Produktion, Lager, Grillschule + Betriebswohnung<\/td><td class=\"column-2\">Gelsenkirchen<\/td><td class=\"column-3\">Gewerbebau<\/td><td class=\"column-4\">2016 \/ 11<\/td>\n<\/tr>\n<tr class=\"row-96 even\">\n\t<td class=\"column-1\">Umr\u00fcstung nach SKODA CI im Autohaus GH<br \/>\n<\/td><td class=\"column-2\">Offenburg<\/td><td class=\"column-3\">Autoh\u00e4user<\/td><td class=\"column-4\">2016 \/ 11<\/td>\n<\/tr>\n<tr class=\"row-97 odd\">\n\t<td class=\"column-1\">Renovierung und energetische Ert\u00fcchtigung Graf Hardenberg<\/td><td class=\"column-2\">Tuttlingen<\/td><td class=\"column-3\">Autoh\u00e4user<\/td><td class=\"column-4\">2016 \/ 11<\/td>\n<\/tr>\n<tr class=\"row-98 even\">\n\t<td class=\"column-1\">Neubau einer Gebrauchtwagenausstellung am Porsche Zentrum Hegau Bodensee<br \/>\n<\/td><td class=\"column-2\">Hilzingen<\/td><td class=\"column-3\">Autoh\u00e4user<\/td><td class=\"column-4\">2016 \/ 10<\/td>\n<\/tr>\n<tr class=\"row-99 odd\">\n\t<td class=\"column-1\">Generalbebauungsplan Parkhaus am AUDI Zentrum<\/td><td class=\"column-2\">Reutlingen<\/td><td class=\"column-3\">Autoh\u00e4user<\/td><td class=\"column-4\">2016 \/ 10<\/td>\n<\/tr>\n<tr class=\"row-100 even\">\n\t<td class=\"column-1\">Neubau AUDI Werkstatt Graf Hardenberg<\/td><td class=\"column-2\">Tuttlingen<\/td><td class=\"column-3\">Autoh\u00e4user<\/td><td class=\"column-4\">2016 \/ 09<\/td>\n<\/tr>\n<tr class=\"row-101 odd\">\n\t<td class=\"column-1\">Erweiterung Porsche Zentrum<\/td><td class=\"column-2\">Baden-Baden<\/td><td class=\"column-3\">Autoh\u00e4user<\/td><td class=\"column-4\">2016 \/ 08<\/td>\n<\/tr>\n<tr class=\"row-102 even\">\n\t<td class=\"column-1\">Nutzungs\u00e4nderung eines Abstellraumes in einem B\u00fcro am Schlachthof<\/td><td class=\"column-2\">Gelsenkirchen<\/td><td class=\"column-3\">Gewerbebau<\/td><td class=\"column-4\">2016 \/ 08<br \/>\n<\/td>\n<\/tr>\n<tr class=\"row-103 odd\">\n\t<td class=\"column-1\">Erweiterung des Autohauses Turowski<\/td><td class=\"column-2\">Gelsenkirchen<\/td><td class=\"column-3\">Autoh\u00e4user<\/td><td class=\"column-4\">2016 \/ 08<\/td>\n<\/tr>\n<tr class=\"row-104 even\">\n\t<td class=\"column-1\">Sanierung Gebrauchtwagenpavillion Tiemeyer + Tenwinkel<\/td><td class=\"column-2\">Marl<\/td><td class=\"column-3\">Autoh\u00e4user<\/td><td class=\"column-4\">2016 \/ 08<\/td>\n<\/tr>\n<tr class=\"row-105 odd\">\n\t<td class=\"column-1\">Generalbebauungsplan VW Service-St\u00fctzpunkt des Autohauses Wagenblast<\/td><td class=\"column-2\">Schw\u00e4bisch Gm\u00fcnd<\/td><td class=\"column-3\">Autoh\u00e4user<\/td><td class=\"column-4\">2016 \/ 08<\/td>\n<\/tr>\n<tr class=\"row-106 even\">\n\t<td class=\"column-1\">Neubau einer Waschhalle\/ Umbau bestehende Lackieranlage VW GH<br \/>\n<\/td><td class=\"column-2\">Tuttlingen<\/td><td class=\"column-3\">Autoh\u00e4user<\/td><td class=\"column-4\">2016 \/ 08<\/td>\n<\/tr>\n<tr class=\"row-107 odd\">\n\t<td class=\"column-1\"><a href=\"https:\/\/a-kd.de\/index.php\/portfolio\/modernisierung-skoda-ci-konzept-2015-aach\/\"><font color=\"black\">Modernisierung \u0160KODA CI Konzept 2015 Graf Hardenberg Aach<\/a><\/font><\/td><td class=\"column-2\">Aach<\/td><td class=\"column-3\">Autoh\u00e4user<br \/>\n<\/td><td class=\"column-4\">2016 \/ 07<br \/>\n<\/td>\n<\/tr>\n<tr class=\"row-108 even\">\n\t<td class=\"column-1\"><a href=\"https:\/\/a-kd.de\/index.php\/portfolio\/umbau-schulgelaende-zu-wohngemeinschaft\/\"><font color=\"black\">Umbau und Erweiterung der historischen Hilgenboomschule zum Demenzwohngemeinschaftshaus f\u00fcr Wohngruppen der APD<\/a><\/font><\/td><td class=\"column-2\">Gelsenkirchen<\/td><td class=\"column-3\">Wohnh\u00e4user<\/td><td class=\"column-4\">2016 \/ 06<\/td>\n<\/tr>\n<tr class=\"row-109 odd\">\n\t<td class=\"column-1\">Neubau Ausstellung, Werkstatt + 2 Betriebswohnungen der Firma Langowski Kommunaltechnik<\/td><td class=\"column-2\">Bottrop<\/td><td class=\"column-3\">Gewerbebau<\/td><td class=\"column-4\">2016 \/ 05<br \/>\n<\/td>\n<\/tr>\n<tr class=\"row-110 even\">\n\t<td class=\"column-1\">Erweitung der Gebrauchtwagenfreiausstellung am Autohaus Tiemeyer + Ossmann<\/td><td class=\"column-2\">Gelsenkirchen<\/td><td class=\"column-3\">Autoh\u00e4user<\/td><td class=\"column-4\">2016 \/ 05<\/td>\n<\/tr>\n<tr class=\"row-111 odd\">\n\t<td class=\"column-1\"><a href=\"https:\/\/a-kd.de\/index.php\/portfolio\/1034-picard-bochum-gehrte-gewerbepark-hiltrop\/\"><font color=\"black\">Neubau eines Verwaltungs- + Lagergeb\u00e4ude Firma Picard <\/a><\/font><\/td><td class=\"column-2\">Bochum<\/td><td class=\"column-3\">Gewerbebau<\/td><td class=\"column-4\">2016 \/ 04<\/td>\n<\/tr>\n<tr class=\"row-112 even\">\n\t<td class=\"column-1\"><a href=\"https:\/\/a-kd.de\/index.php\/portfolio\/seat-tiemeyer-bochum\/\/\"><font color=\"black\">Erweiterung der Aufbereitungshalle zu einem SEAT Betrieb Tiemeyer<\/a><\/font><\/td><td class=\"column-2\">Bochum<\/td><td class=\"column-3\">Autoh\u00e4user<\/td><td class=\"column-4\">2016 \/ 04<\/td>\n<\/tr>\n<tr class=\"row-113 odd\">\n\t<td class=\"column-1\">Umbau einer Gastronomie im ehem. Autohaus Ossmann<\/td><td class=\"column-2\">Gelsenkirchen<\/td><td class=\"column-3\">Dienstleistungen<\/td><td class=\"column-4\">2016 \/ 04<\/td>\n<\/tr>\n<tr class=\"row-114 even\">\n\t<td class=\"column-1\">Generalbebauung Automeile Offenburg Parkhaus - Porsche GW-Freiausstellung - Reifenlager<\/td><td class=\"column-2\">Offenburg<\/td><td class=\"column-3\">Autoh\u00e4user<\/td><td class=\"column-4\">2016 \/ 04<\/td>\n<\/tr>\n<tr class=\"row-115 odd\">\n\t<td class=\"column-1\">Umbau und Renovierung gem\u00e4\u00df AUDI CI Graf Hardenberg<br \/>\n<\/td><td class=\"column-2\">Bruchsal<\/td><td class=\"column-3\">Autoh\u00e4user<\/td><td class=\"column-4\">2016 \/ 03<\/td>\n<\/tr>\n<tr class=\"row-116 even\">\n\t<td class=\"column-1\">Ausstellungserweiterung und Werkstattumbau am Porsche Zentrum Graf Hardenberg<\/td><td class=\"column-2\">Offenburg<\/td><td class=\"column-3\">Autoh\u00e4user<\/td><td class=\"column-4\">2016 \/ 02<\/td>\n<\/tr>\n<tr class=\"row-117 odd\">\n\t<td class=\"column-1\"><a href=\"https:\/\/a-kd.de\/index.php\/portfolio\/audi-vw-konstanz-gs-transco\/\"><font color=\"black\">Neubau VW und AUDI Graf Hardenberg<\/a><\/font><br \/>\n<\/td><td class=\"column-2\">Konstanz<\/td><td class=\"column-3\">Autoh\u00e4user<\/td><td class=\"column-4\">2015 \/ 12<\/td>\n<\/tr>\n<tr class=\"row-118 even\">\n\t<td class=\"column-1\">Anbau eines Gemeinschaftsraumes mit Nebenr\u00e4umen Kinderschutzbund e.V. <\/td><td class=\"column-2\">Gelsenkirchen<\/td><td class=\"column-3\">Dienstleistungen<\/td><td class=\"column-4\">2015 \/ 11<\/td>\n<\/tr>\n<tr class=\"row-119 odd\">\n\t<td class=\"column-1\">Abbruch ehem. Verwaltung + Erweiterung Freiausstellung in der Verwaltung Tiemeyer<\/td><td class=\"column-2\">Bochum<\/td><td class=\"column-3\">Autoh\u00e4user<\/td><td class=\"column-4\">2015 \/ 09<\/td>\n<\/tr>\n<tr class=\"row-120 even\">\n\t<td class=\"column-1\">Umbau Retail Konzept im Toyota Betrieb Nix<\/td><td class=\"column-2\">Frankfurt am Main<\/td><td class=\"column-3\">Autoh\u00e4user<\/td><td class=\"column-4\">2015 \/ 09<\/td>\n<\/tr>\n<tr class=\"row-121 odd\">\n\t<td class=\"column-1\"><a href=\"https:\/\/a-kd.de\/index.php\/portfolio\/audi-terminal-baden-baden\/\"><font color=\"black\">Neubau AUDI Terminal<\/a><\/font><\/td><td class=\"column-2\">Baden-Baden<\/td><td class=\"column-3\">Autoh\u00e4user<\/td><td class=\"column-4\">2015 \/ 08<\/td>\n<\/tr>\n<tr class=\"row-122 even\">\n\t<td class=\"column-1\">Sanierung des Werkstattfu\u00dfbodens im Autohaus Laumen<\/td><td class=\"column-2\">Castrop-Rauxel<\/td><td class=\"column-3\">Autoh\u00e4user<\/td><td class=\"column-4\">2015 \/ 08<\/td>\n<\/tr>\n<tr class=\"row-123 odd\">\n\t<td class=\"column-1\">Erweiterung der Lagerhallen in der Spedition Knecht mit vorhandener LKW Werkstatt, B\u00fcrogeb\u00e4ude und Betriebswohnungen<\/td><td class=\"column-2\">Gelsenkirchen<\/td><td class=\"column-3\">Autoh\u00e4user<\/td><td class=\"column-4\">2015 \/ 08<\/td>\n<\/tr>\n<tr class=\"row-124 even\">\n\t<td class=\"column-1\">Modernisierung Autohaus Tiemeyer<\/td><td class=\"column-2\">Gelsenkirchen<\/td><td class=\"column-3\">Autoh\u00e4user<\/td><td class=\"column-4\">2015 \/ 08<br \/>\n<\/td>\n<\/tr>\n<tr class=\"row-125 odd\">\n\t<td class=\"column-1\">SEAT + Tiemeyer Automobile<br \/>\n<\/td><td class=\"column-2\">Recklinghausen<\/td><td class=\"column-3\">Autoh\u00e4user<\/td><td class=\"column-4\">2015 \/ 08<\/td>\n<\/tr>\n<tr class=\"row-126 even\">\n\t<td class=\"column-1\">Renovierung AUDI Ausstellung Graf Hardenberg<br \/>\n<\/td><td class=\"column-2\">Tuttlingen<\/td><td class=\"column-3\">Autoh\u00e4user<\/td><td class=\"column-4\">2015 \/ 08<\/td>\n<\/tr>\n<tr class=\"row-127 odd\">\n\t<td class=\"column-1\">Renovierung Ausstellungsraum gem. VW CI Graf Hardenberg<\/td><td class=\"column-2\">Tuttlingen<\/td><td class=\"column-3\">Autoh\u00e4user<\/td><td class=\"column-4\">2015 \/ 08<\/td>\n<\/tr>\n<tr class=\"row-128 even\">\n\t<td class=\"column-1\">Einbau einer Fluchtwegt\u00fcr in bestehendem KFZ Betrieb, Autohaus Weiner<\/td><td class=\"column-2\">Bochum<\/td><td class=\"column-3\">Autoh\u00e4user<\/td><td class=\"column-4\">2015 \/ 07<\/td>\n<\/tr>\n<tr class=\"row-129 odd\">\n\t<td class=\"column-1\"><a href=\"https:\/\/a-kd.de\/index.php\/portfolio\/container-igh-svg\/\"><font color=\"black\">Errichtung von 10 B\u00fcrocontainern, 2-geschossig mit Sanit\u00e4reinrichtungen<\/a><\/font><\/td><td class=\"column-2\">Gelsenkirchen<\/td><td class=\"column-3\">Gewerbebau<\/td><td class=\"column-4\">2015 \/ 07<br \/>\n<\/td>\n<\/tr>\n<tr class=\"row-130 even\">\n\t<td class=\"column-1\">B\u00fcroumbau in der Werkstatt und Teilelager, Tiemeyer + Ossmann<\/td><td class=\"column-2\">Gelsenkirchen<\/td><td class=\"column-3\">Autoh\u00e4user<\/td><td class=\"column-4\">2015 \/ 07<\/td>\n<\/tr>\n<tr class=\"row-131 odd\">\n\t<td class=\"column-1\">Umbau des Porsche Zentrums GH<\/td><td class=\"column-2\">Karlsruhe<\/td><td class=\"column-3\">Autoh\u00e4user<\/td><td class=\"column-4\">2015 \/ 07<br \/>\n<\/td>\n<\/tr>\n<tr class=\"row-132 even\">\n\t<td class=\"column-1\">Neubau\/Umbau Porsche Zentrum<\/td><td class=\"column-2\">Karlsruhe<\/td><td class=\"column-3\">Autoh\u00e4user<\/td><td class=\"column-4\">2015 \/ 07<\/td>\n<\/tr>\n<tr class=\"row-133 odd\">\n\t<td class=\"column-1\">Nutzungskonzept Tiemeyer SKODA<\/td><td class=\"column-2\">Bochum<\/td><td class=\"column-3\">Autoh\u00e4user<\/td><td class=\"column-4\">2015 \/ 06<br \/>\n<\/td>\n<\/tr>\n<tr class=\"row-134 even\">\n\t<td class=\"column-1\">Renovierung + Umbau SKODA Autohaus H\u00f6velberndt<\/td><td class=\"column-2\">Aach<\/td><td class=\"column-3\">Autoh\u00e4user<\/td><td class=\"column-4\">2015 \/ 03<\/td>\n<\/tr>\n<tr class=\"row-135 odd\">\n\t<td class=\"column-1\">Parkdeck Sanierung im VW Zentrum GH<\/td><td class=\"column-2\">Karlsruhe<\/td><td class=\"column-3\">Autoh\u00e4user<\/td><td class=\"column-4\">2015 \/ 03<\/td>\n<\/tr>\n<tr class=\"row-136 even\">\n\t<td class=\"column-1\">Grundsatzplanung Nix W\u00e4chtersbach + Offenbach<br \/>\n<\/td><td class=\"column-2\">W\u00e4chtersbach + Offenbach<\/td><td class=\"column-3\">Autoh\u00e4user<\/td><td class=\"column-4\">2014 \/ 12<\/td>\n<\/tr>\n<tr class=\"row-137 odd\">\n\t<td class=\"column-1\"><a href=\"https:\/\/a-kd.de\/index.php\/portfolio\/neubau-eines-verkaufspavillions-im-autohaus-tiemeyer-bochum\/\"><font color=\"black\">Neubau eines Verkaufspavillions im Autohaus Tiemeyer<\/a><\/font><\/td><td class=\"column-2\">Bochum<br \/>\n<br \/>\n<\/td><td class=\"column-3\">Autoh\u00e4user<\/td><td class=\"column-4\">2014 \/ 11<\/td>\n<\/tr>\n<tr class=\"row-138 even\">\n\t<td class=\"column-1\">Grundsatzplanung Renovierung B\u00fcrgermeisterhaus<br \/>\n<\/td><td class=\"column-2\">W\u00e4chtersbach<\/td><td class=\"column-3\">Dienstleistungen<\/td><td class=\"column-4\">2014 \/ 11 <\/td>\n<\/tr>\n<tr class=\"row-139 odd\">\n\t<td class=\"column-1\">Errichtung eines Gebrauchtwagenverkaufspavillon im WH Autozentrum<\/td><td class=\"column-2\">Witten<\/td><td class=\"column-3\">Autoh\u00e4user<\/td><td class=\"column-4\">2014 \/ 11<\/td>\n<\/tr>\n<tr class=\"row-140 even\">\n\t<td class=\"column-1\">Dachsanierung des Teilelagers am Autohaus Tiemeyer<\/td><td class=\"column-2\">Castrop-Rauxel<\/td><td class=\"column-3\">Autoh\u00e4user<\/td><td class=\"column-4\">2014 \/ 10<\/td>\n<\/tr>\n<tr class=\"row-141 odd\">\n\t<td class=\"column-1\">Nutzungs\u00e4nderung der B\u00fcrofl\u00e4che in einem Veranstaltungsraum alter Schlachthof<\/td><td class=\"column-2\">Gelsenkirchen<\/td><td class=\"column-3\">Gewerbebau<\/td><td class=\"column-4\">2014 \/ 10<\/td>\n<\/tr>\n<tr class=\"row-142 even\">\n\t<td class=\"column-1\">Werkstatterweiterung im AUDI Zentrum Graf Hardenberg<\/td><td class=\"column-2\">Offenburg<\/td><td class=\"column-3\">Autoh\u00e4user<\/td><td class=\"column-4\">2014 \/ 10<\/td>\n<\/tr>\n<tr class=\"row-143 odd\">\n\t<td class=\"column-1\">Neubau einer Werkstatt im VW Zentrum Graf Hardenberg<\/td><td class=\"column-2\">Singen<\/td><td class=\"column-3\">Autoh\u00e4user<\/td><td class=\"column-4\">2014 \/ 10<\/td>\n<\/tr>\n<tr class=\"row-144 even\">\n\t<td class=\"column-1\">Grundsatzplanung AUDI Terminal<\/td><td class=\"column-2\">Wetzlar<\/td><td class=\"column-3\">Autoh\u00e4user<\/td><td class=\"column-4\">2014 \/ 10<\/td>\n<\/tr>\n<tr class=\"row-145 odd\">\n\t<td class=\"column-1\">Sanierung Werkstattfu\u00dfboden im Autohaus Keysberg<\/td><td class=\"column-2\">Haltern<\/td><td class=\"column-3\">Autoh\u00e4user<\/td><td class=\"column-4\">2014 \/ 09<\/td>\n<\/tr>\n<tr class=\"row-146 even\">\n\t<td class=\"column-1\">Erneuerung der Heizungsanlage\/ Einbau von zwei Blockheizkraftwerken VW Autohaus<\/td><td class=\"column-2\">Offenburg<\/td><td class=\"column-3\">Autoh\u00e4user<\/td><td class=\"column-4\">2014 \/ 09<\/td>\n<\/tr>\n<tr class=\"row-147 odd\">\n\t<td class=\"column-1\">Modernisierung der Waterfall Farm M.Picard<\/td><td class=\"column-2\">S\u00fcdafrika<\/td><td class=\"column-3\">Wohnh\u00e4user<\/td><td class=\"column-4\">2014 \/ 09<\/td>\n<\/tr>\n<tr class=\"row-148 even\">\n\t<td class=\"column-1\">Neubau Nutzfahrzeugunterstand am Autohaus Nix<\/td><td class=\"column-2\">W\u00e4chtersbach<\/td><td class=\"column-3\">Autoh\u00e4user<\/td><td class=\"column-4\">2014 \/ 09<br \/>\n<\/td>\n<\/tr>\n<tr class=\"row-149 odd\">\n\t<td class=\"column-1\">Attika und Parkplatzbeleuchtung mit RGB-LED Technologie im Autohaus Wicke<\/td><td class=\"column-2\">Bochum<\/td><td class=\"column-3\">Autoh\u00e4user<\/td><td class=\"column-4\">2014 \/ 08<br \/>\n<\/td>\n<\/tr>\n<tr class=\"row-150 even\">\n\t<td class=\"column-1\">Errichtung einer B\u00fcroeinheit aus Seecontainern am Schlachthof Tillmann<\/td><td class=\"column-2\">Gelsenkirchen<\/td><td class=\"column-3\">Gewerbebau<\/td><td class=\"column-4\">2014 \/ 07<\/td>\n<\/tr>\n<tr class=\"row-151 odd\">\n\t<td class=\"column-1\">Einbau eines Reifenlagers im Toyota Betrieb Nix<\/td><td class=\"column-2\">Eschborn<\/td><td class=\"column-3\">Autoh\u00e4user<\/td><td class=\"column-4\">2014 \/ 06<\/td>\n<\/tr>\n<tr class=\"row-152 even\">\n\t<td class=\"column-1\">Umbau ehemaliges Schulgeb\u00e4ude zur Tagespflege und Verwaltung der APD<\/td><td class=\"column-2\">Gelsenkirchen<\/td><td class=\"column-3\">Dienstleistungen<\/td><td class=\"column-4\">2014 \/ 06<\/td>\n<\/tr>\n<tr class=\"row-153 odd\">\n\t<td class=\"column-1\">Sanierung\/ Beschichtung des Parkdecks im Autohaus Nix <\/td><td class=\"column-2\">W\u00e4chtersbach<\/td><td class=\"column-3\">Autoh\u00e4user<\/td><td class=\"column-4\">2014 \/ 06<\/td>\n<\/tr>\n<tr class=\"row-154 even\">\n\t<td class=\"column-1\">Verlagerung Firmensitz, Abbruch, Baggerbetrieb + Errichtung einer Sch\u00fcttguthalle Firma Zeller<\/td><td class=\"column-2\">Offenbach<\/td><td class=\"column-3\">Gewerbebau<\/td><td class=\"column-4\">2014 \/ 05<\/td>\n<\/tr>\n<tr class=\"row-155 odd\">\n\t<td class=\"column-1\">Terassen\u00fcberdachtung eines Einfamilienhauses<\/td><td class=\"column-2\">Bochum<\/td><td class=\"column-3\">Wohnh\u00e4user<\/td><td class=\"column-4\">2014 \/ 03<\/td>\n<\/tr>\n<tr class=\"row-156 even\">\n\t<td class=\"column-1\">Renovierung Gebrauchtwagen-Management in der Verwaltung Tiemeyer<\/td><td class=\"column-2\">Bochum<\/td><td class=\"column-3\">Autoh\u00e4user<\/td><td class=\"column-4\">2014 \/ 03<\/td>\n<\/tr>\n<tr class=\"row-157 odd\">\n\t<td class=\"column-1\">Errichtung eines Autohauses \"DasWeltAuto\" Wicke<\/td><td class=\"column-2\">Bochum<\/td><td class=\"column-3\">Autoh\u00e4user<\/td><td class=\"column-4\">2014 \/ 03<\/td>\n<\/tr>\n<tr class=\"row-158 even\">\n\t<td class=\"column-1\">Modernisierung der Anname im Autohaus Tiemann<\/td><td class=\"column-2\">Herne<\/td><td class=\"column-3\">Autoh\u00e4user<\/td><td class=\"column-4\">2014 \/ 03<br \/>\n<\/td>\n<\/tr>\n<tr class=\"row-159 odd\">\n\t<td class=\"column-1\">Gebrauchtwagen + Aufbereitung im AUDI Zentrum Graf Hardenberg<\/td><td class=\"column-2\">Karlsruhe<\/td><td class=\"column-3\">Autoh\u00e4user<\/td><td class=\"column-4\">2014 \/ 03<\/td>\n<\/tr>\n<tr class=\"row-160 even\">\n\t<td class=\"column-1\">Einbau zweier Altane an Mehrfamilienh\u00e4usern<\/td><td class=\"column-2\">Marl<\/td><td class=\"column-3\">Wohnh\u00e4user<\/td><td class=\"column-4\">2014 \/ 03<\/td>\n<\/tr>\n<tr class=\"row-161 odd\">\n\t<td class=\"column-1\">Umgestaltung der B\u00fcrow\u00e4nde im Autohaus Nix in Frankfurt + W\u00e4chtersbach<br \/>\n<\/td><td class=\"column-2\">Frankfurt + W\u00e4chtersbach<\/td><td class=\"column-3\">Autoh\u00e4user<\/td><td class=\"column-4\">2014 \/ 02<\/td>\n<\/tr>\n<tr class=\"row-162 even\">\n\t<td class=\"column-1\">Generalbebauungsplan II.BA AUDI Zentrum GH<br \/>\n<\/td><td class=\"column-2\">Karlsruhe<\/td><td class=\"column-3\">Autoh\u00e4user<\/td><td class=\"column-4\">2014 \/ 02<\/td>\n<\/tr>\n<tr class=\"row-163 odd\">\n\t<td class=\"column-1\">Einbau und Erweiterung der Lackerei im Autohaus Tiemeyer<br \/>\n<\/td><td class=\"column-2\">Recklinghausen<\/td><td class=\"column-3\">Autoh\u00e4user<\/td><td class=\"column-4\">2014 \/ 01<br \/>\n<\/td>\n<\/tr>\n<tr class=\"row-164 even\">\n\t<td class=\"column-1\">Neubau einer Lagerhalle mit Schauraum + B\u00fcror\u00e4umen LC Light<\/td><td class=\"column-2\">Gelsenkirchen<\/td><td class=\"column-3\">Gewerbebau<\/td><td class=\"column-4\">2013 \/ 11<\/td>\n<\/tr>\n<tr class=\"row-165 odd\">\n\t<td class=\"column-1\">Erweiterung eines Vereinsheims Sportanlage TuS Niederaden<\/td><td class=\"column-2\">L\u00fcnen<\/td><td class=\"column-3\">Dienstleistungen<\/td><td class=\"column-4\">2013 \/ 10<\/td>\n<\/tr>\n<tr class=\"row-166 even\">\n\t<td class=\"column-1\">Umbau eines VW Autohauses Tiemeyer<\/td><td class=\"column-2\">Bochum<\/td><td class=\"column-3\">Autoh\u00e4user<\/td><td class=\"column-4\">2013 \/ 09<br \/>\n<\/td>\n<\/tr>\n<tr class=\"row-167 odd\">\n\t<td class=\"column-1\">Umbau Reifenlager + 2 zus. Gebrauchtwagen Verk\u00e4uferb\u00fcros <br \/>\nAUDI Zentrum Graf Hardenberg<\/td><td class=\"column-2\">Karlsruhe<\/td><td class=\"column-3\">Autoh\u00e4user<\/td><td class=\"column-4\">2013 \/ 09<\/td>\n<\/tr>\n<tr class=\"row-168 even\">\n\t<td class=\"column-1\">Umbau einer Reifenlagerhalle Graf Hardenberg<\/td><td class=\"column-2\">Radolfzell<\/td><td class=\"column-3\">Autoh\u00e4user<\/td><td class=\"column-4\">2013 \/ 09<\/td>\n<\/tr>\n<tr class=\"row-169 odd\">\n\t<td class=\"column-1\">Errichtung einer Stahlb\u00fchnenkonstruktion im Innenhof Schlachthof<\/td><td class=\"column-2\">Gelsenkirchen<\/td><td class=\"column-3\">Gewerbebau<\/td><td class=\"column-4\">2013 \/ 08<\/td>\n<\/tr>\n<tr class=\"row-170 even\">\n\t<td class=\"column-1\">Renovierung eines Verwaltungsgeb\u00e4udes Tiemeyer<\/td><td class=\"column-2\">Bochum<\/td><td class=\"column-3\">Autoh\u00e4user<\/td><td class=\"column-4\">2013 \/ 07<\/td>\n<\/tr>\n<tr class=\"row-171 odd\">\n\t<td class=\"column-1\">Erweiterung der Werkstatt + Direktannahme AUDI Zentrum<\/td><td class=\"column-2\">Singen<\/td><td class=\"column-3\">Autoh\u00e4user<\/td><td class=\"column-4\">2013 \/ 06<\/td>\n<\/tr>\n<tr class=\"row-172 even\">\n\t<td class=\"column-1\">Neubau einer Tischlerei, Firma Mohrbacher<\/td><td class=\"column-2\">Gelsenkirchen<\/td><td class=\"column-3\">Gewerbebau<\/td><td class=\"column-4\">2013 \/ 05<\/td>\n<\/tr>\n<tr class=\"row-173 odd\">\n\t<td class=\"column-1\">Errichtung eines Ford Pylons am Autohaus Graf Hardenberg am Durlacher Tor<\/td><td class=\"column-2\">Karlsruhe<\/td><td class=\"column-3\">Autoh\u00e4user<\/td><td class=\"column-4\">2013 \/ 05<\/td>\n<\/tr>\n<tr class=\"row-174 even\">\n\t<td class=\"column-1\">Fassade Werkstatt, Einbau B\u00fcros, Sanierung Parkdeck + Umbau Bestand am VW Zentrum Graf Hardenberg<\/td><td class=\"column-2\">Karlsruhe<\/td><td class=\"column-3\">Autoh\u00e4user<\/td><td class=\"column-4\">2013 \/ 05<\/td>\n<\/tr>\n<tr class=\"row-175 odd\">\n\t<td class=\"column-1\">Neuordnung Reststoffsammelplatz am Porsche Zentrum<\/td><td class=\"column-2\">Karlsruhe<\/td><td class=\"column-3\">Autoh\u00e4user<\/td><td class=\"column-4\">2013 \/ 05<\/td>\n<\/tr>\n<tr class=\"row-176 even\">\n\t<td class=\"column-1\">Neubau\/ Umbau AUDI und VW Betrieb Graf Hardenberg<\/td><td class=\"column-2\">Konstanz<\/td><td class=\"column-3\">Autoh\u00e4user<\/td><td class=\"column-4\">2013 \/ 05<\/td>\n<\/tr>\n<tr class=\"row-177 odd\">\n\t<td class=\"column-1\">Neubau eines B\u00fcrogeb\u00e4udes<\/td><td class=\"column-2\">Baden-Baden<\/td><td class=\"column-3\">Gewerbebau<\/td><td class=\"column-4\">2013 \/ 03<\/td>\n<\/tr>\n<tr class=\"row-178 even\">\n\t<td class=\"column-1\">Reparatur- und Sanierungsarbeiten am Autohaus Tiemeyer<\/td><td class=\"column-2\">Castrop-Rauxel<\/td><td class=\"column-3\">Autoh\u00e4user<\/td><td class=\"column-4\">2013 \/ 02<\/td>\n<\/tr>\n<tr class=\"row-179 odd\">\n\t<td class=\"column-1\">Reparatur- und Sanierungsarbeiten am Autohaus Tiemann<\/td><td class=\"column-2\">Herne<\/td><td class=\"column-3\">Autoh\u00e4user<\/td><td class=\"column-4\">2013 \/ 02<\/td>\n<\/tr>\n<tr class=\"row-180 even\">\n\t<td class=\"column-1\">Neubau Nutzfahrzeugzentrum Schmidt + Koch<\/td><td class=\"column-2\">Bremen<\/td><td class=\"column-3\">Autoh\u00e4user<\/td><td class=\"column-4\">2012 \/ 12<\/td>\n<\/tr>\n<tr class=\"row-181 odd\">\n\t<td class=\"column-1\">Wertgutachten alter Schlachthof<\/td><td class=\"column-2\">Gelsenkirchen<\/td><td class=\"column-3\">Gewerbebau<\/td><td class=\"column-4\">2012 \/ 11<\/td>\n<\/tr>\n<tr class=\"row-182 even\">\n\t<td class=\"column-1\">Neubau Toyota Autohaus Bach<\/td><td class=\"column-2\">Singen<\/td><td class=\"column-3\">Autoh\u00e4user<\/td><td class=\"column-4\">2012 \/ 11<\/td>\n<\/tr>\n<tr class=\"row-183 odd\">\n\t<td class=\"column-1\"><a href=\"https:\/\/a-kd.de\/index.php\/portfolio\/neubau-einer-ausstellung-mit-werksatt-fuer-vw-nutzfahrzeuge-nix-waechtersbach\/\"><font color=\"black\">Neubau einer Ausstellung mit Werkstatt f\u00fcr VW-Nutzfahrzeuge Nix<\/a><\/font><\/td><td class=\"column-2\">W\u00e4chtersbach<br \/>\n<\/td><td class=\"column-3\">Autoh\u00e4user<\/td><td class=\"column-4\">2012 \/ 08<\/td>\n<\/tr>\n<tr class=\"row-184 even\">\n\t<td class=\"column-1\">Neubau eines Schulungszentrums Uponor<\/td><td class=\"column-2\">Ha\u00dffurt<\/td><td class=\"column-3\">Dienstleistungen<\/td><td class=\"column-4\">2012 \/ 07<\/td>\n<\/tr>\n<tr class=\"row-185 odd\">\n\t<td class=\"column-1\">Erweiterung der Direktannahme am Autohaus Tiemeyer + Tenwinkel<\/td><td class=\"column-2\">Marl<\/td><td class=\"column-3\">Autoh\u00e4user<\/td><td class=\"column-4\">2012 \/ 07<\/td>\n<\/tr>\n<tr class=\"row-186 even\">\n\t<td class=\"column-1\">Neuordnung und Erweiterung Werkstatt am Porsche Zentrum Graf Hardenberg<\/td><td class=\"column-2\">Hilzingen<\/td><td class=\"column-3\">Autoh\u00e4user<\/td><td class=\"column-4\">2012 \/ 06<\/td>\n<\/tr>\n<tr class=\"row-187 odd\">\n\t<td class=\"column-1\">Generalbebauung VW Zentrum Graf Hardenberg<\/td><td class=\"column-2\">Karlsruhe<\/td><td class=\"column-3\">Autoh\u00e4user<\/td><td class=\"column-4\">2012 \/ 06<\/td>\n<\/tr>\n<tr class=\"row-188 even\">\n\t<td class=\"column-1\">Umbau\/Renovierung eines Autohauses zu einem Chinarestaurant<\/td><td class=\"column-2\">Soest<\/td><td class=\"column-3\">Gewerbebau<\/td><td class=\"column-4\">2012 \/ 06<\/td>\n<\/tr>\n<tr class=\"row-189 odd\">\n\t<td class=\"column-1\"><a href=\"https:\/\/a-kd.de\/index.php\/portfolio\/pv-anlage-graf-hardenberg-automeile-offenburg\/\"><font color=\"black\">Photovoltaikanlage auf dem VW Autohaus Graf Hardenberg<\/a><\/font><\/td><td class=\"column-2\">Offenburg<\/td><td class=\"column-3\">Autoh\u00e4user<\/td><td class=\"column-4\">2012 \/ 04<\/td>\n<\/tr>\n<tr class=\"row-190 even\">\n\t<td class=\"column-1\">Photovoltaikanlage auf der letzten Ebene des Parkdecks VW Zentrum Graf Hardenberg<\/td><td class=\"column-2\">Karlsruhe<\/td><td class=\"column-3\">Autoh\u00e4uer<\/td><td class=\"column-4\">2012 \/03<\/td>\n<\/tr>\n<tr class=\"row-191 odd\">\n\t<td class=\"column-1\">Entw\u00e4sserung Porsche Zentrum Ludewig<\/td><td class=\"column-2\">Soest<\/td><td class=\"column-3\">Autoh\u00e4user<\/td><td class=\"column-4\">2012 \/ 03<\/td>\n<\/tr>\n<tr class=\"row-192 even\">\n\t<td class=\"column-1\">Einbau einer Wasseraufbereitung am Autohaus Wicke<\/td><td class=\"column-2\">Bochum<\/td><td class=\"column-3\">Autoh\u00e4user<\/td><td class=\"column-4\">2011 \/ 12<\/td>\n<\/tr>\n<tr class=\"row-193 odd\">\n\t<td class=\"column-1\">Umbau Kundenzentrum + Einbau Direktannahme  Autohaus Basdorf<\/td><td class=\"column-2\">Gelsenkirchen<\/td><td class=\"column-3\">Autoh\u00e4user<\/td><td class=\"column-4\">2011 \/ 12<\/td>\n<\/tr>\n<tr class=\"row-194 even\">\n\t<td class=\"column-1\">Renovierung der Fahrzeug\u00fcbergabe und GW-B\u00fcro Autohaus Tiemann<\/td><td class=\"column-2\">Herne<\/td><td class=\"column-3\">Autoh\u00e4user<\/td><td class=\"column-4\">2011 \/ 12<\/td>\n<\/tr>\n<tr class=\"row-195 odd\">\n\t<td class=\"column-1\">Nutzungs\u00e4nderung AUDI Zentrum, Sanierung Waschhallenverglasung<\/td><td class=\"column-2\">Karlsruhe<\/td><td class=\"column-3\">Autoh\u00e4user<\/td><td class=\"column-4\">2011 \/ 12<\/td>\n<\/tr>\n<tr class=\"row-196 even\">\n\t<td class=\"column-1\">Neubau und Umbau KOKI AUDI\/VW Graf Hardenberg<\/td><td class=\"column-2\">Konstanz<\/td><td class=\"column-3\">Autoh\u00e4user<\/td><td class=\"column-4\">2011 \/ 12<\/td>\n<\/tr>\n<tr class=\"row-197 odd\">\n\t<td class=\"column-1\">Fassadensanierung Werkstatt WDVS am Volkswagen Zentrum Graf Hardenberg<\/td><td class=\"column-2\">Singen<\/td><td class=\"column-3\">Autoh\u00e4user<\/td><td class=\"column-4\">2011 \/ 12<\/td>\n<\/tr>\n<tr class=\"row-198 even\">\n\t<td class=\"column-1\">Einbau einer Dialogannahme Graf Hardenberg<\/td><td class=\"column-2\">\u00dcberlingen<\/td><td class=\"column-3\">Autoh\u00e4user<\/td><td class=\"column-4\">2011 \/ 11<\/td>\n<\/tr>\n<tr class=\"row-199 odd\">\n\t<td class=\"column-1\">Errichtung einer Fertiggarage Graf Hardenberg<\/td><td class=\"column-2\">Offenburg<\/td><td class=\"column-3\">Autoh\u00e4user<\/td><td class=\"column-4\">2011 \/ 08<\/td>\n<\/tr>\n<tr class=\"row-200 even\">\n\t<td class=\"column-1\">Werkstatterweiterung Autohaus Tiemeyer + Ossmann<\/td><td class=\"column-2\">Gelsenkirchen<\/td><td class=\"column-3\">Autoh\u00e4user<\/td><td class=\"column-4\">2011 \/ 03<\/td>\n<\/tr>\n<tr class=\"row-201 odd\">\n\t<td class=\"column-1\">Renovierung AUDI Zentrum <\/td><td class=\"column-2\">Bochum<\/td><td class=\"column-3\">Autoh\u00e4user<\/td><td class=\"column-4\">2011 \/ 01<\/td>\n<\/tr>\n<tr class=\"row-202 even\">\n\t<td class=\"column-1\">Neubau einer Fahrzeugannahme Firma Hettinger<\/td><td class=\"column-2\">Marktheidenfeld<\/td><td class=\"column-3\">Autoh\u00e4user<\/td><td class=\"column-4\">2011 \/ 01<\/td>\n<\/tr>\n<tr class=\"row-203 odd\">\n\t<td class=\"column-1\">vorl. Massenermittlung der Erdbewegungen Grundst\u00fcck Dortmund-B\u00e4renbruch f\u00fcr Picard<\/td><td class=\"column-2\">Dortmund<\/td><td class=\"column-3\">Projektentwicklung<\/td><td class=\"column-4\">2010 \/ 12<\/td>\n<\/tr>\n<tr class=\"row-204 even\">\n\t<td class=\"column-1\">Untersuchung Neubau\/Umbau Ford Betrieb<\/td><td class=\"column-2\">Konstanz<\/td><td class=\"column-3\">Autoh\u00e4user<\/td><td class=\"column-4\">2010 \/ 11<\/td>\n<\/tr>\n<tr class=\"row-205 odd\">\n\t<td class=\"column-1\">Planungsleistungen PV-Anlage am ehem. Schlachthof<\/td><td class=\"column-2\">Gelsenkirchen<\/td><td class=\"column-3\">Dienstleistung<\/td><td class=\"column-4\">2010 \/ 09<\/td>\n<\/tr>\n<tr class=\"row-206 even\">\n\t<td class=\"column-1\">Sanierung am ehemaligen Schlachthof, Wasserschaden<\/td><td class=\"column-2\">Gelsenkirchen<\/td><td class=\"column-3\">Dienstleistung<\/td><td class=\"column-4\">2010 \/ 09<\/td>\n<\/tr>\n<tr class=\"row-207 odd\">\n\t<td class=\"column-1\">Umstrukturierung des Kundesdienstes + Umbau der Annahme Keysberrg<\/td><td class=\"column-2\">Haltern<\/td><td class=\"column-3\">Autoh\u00e4user<\/td><td class=\"column-4\">2010 \/ 06<\/td>\n<\/tr>\n<tr class=\"row-208 even\">\n\t<td class=\"column-1\">Geb\u00e4udesanierung Sophienstra\u00dfe<\/td><td class=\"column-2\">Karlsruhe<\/td><td class=\"column-3\">Autoh\u00e4user<\/td><td class=\"column-4\">2010 \/ 06<\/td>\n<\/tr>\n<tr class=\"row-209 odd\">\n\t<td class=\"column-1\">Bestandsaufnahme der bestehenden Geb\u00e4udeteile + Au\u00dfenanlagen sowie Umbau + Renovierung im Bestand Autohaus Szabo<\/td><td class=\"column-2\">Wertheim<\/td><td class=\"column-3\">Autoh\u00e4user<\/td><td class=\"column-4\">2010 \/ 06 <\/td>\n<\/tr>\n<tr class=\"row-210 even\">\n\t<td class=\"column-1\">Umbau der Annahme im AUDI Zentrum<\/td><td class=\"column-2\">Bochum<\/td><td class=\"column-3\">Autoh\u00e4user<\/td><td class=\"column-4\">2010 \/ 05<\/td>\n<\/tr>\n<tr class=\"row-211 odd\">\n\t<td class=\"column-1\"><a href=\"https:\/\/a-kd.de\/index.php\/portfolio\/umbau-des-ladenlokals-jeans-fritz\/\"><font color=\"black\">Umbau des Ladenlokals Jeans Fritz<\/a><\/font><\/td><td class=\"column-2\">Gelsenkirchen<\/td><td class=\"column-3\">Gewerbebau<\/td><td class=\"column-4\">2010 \/ 04<\/td>\n<\/tr>\n<tr class=\"row-212 even\">\n\t<td class=\"column-1\">Neubau einer Lagerhalle und Nutzungs\u00e4nderung der vorh. Ausstellungshalle Autovertrieb Ossmann<\/td><td class=\"column-2\">Gelsenkirchen<\/td><td class=\"column-3\">Autoh\u00e4user<\/td><td class=\"column-4\">2009 \/ 11<\/td>\n<\/tr>\n<tr class=\"row-213 odd\">\n\t<td class=\"column-1\">Umgestaltung VW Graf Hardenberg<\/td><td class=\"column-2\">Offenburg<\/td><td class=\"column-3\">Autoh\u00e4user<\/td><td class=\"column-4\">2009 \/ 10<\/td>\n<\/tr>\n<tr class=\"row-214 even\">\n\t<td class=\"column-1\">Abbruch von 2 PKW \u00dcberdachungen sowie Garagen, Herstellung von Au\u00dfenanlagen VW Gebrauchtwagen-Zentrum Graf Hardenberg <\/td><td class=\"column-2\">Singen<\/td><td class=\"column-3\">Autoh\u00e4user<\/td><td class=\"column-4\">2009 \/ 09<\/td>\n<\/tr>\n<tr class=\"row-215 odd\">\n\t<td class=\"column-1\">Retail Empfang Autohaus Toyota Nix<\/td><td class=\"column-2\">W\u00e4chtersbach<\/td><td class=\"column-3\">Autoh\u00e4user<\/td><td class=\"column-4\">2009 \/ 07<\/td>\n<\/tr>\n<tr class=\"row-216 even\">\n\t<td class=\"column-1\">Erweiterung der Lagerkapazit\u00e4t Firma Picard<\/td><td class=\"column-2\">Witten<\/td><td class=\"column-3\">Gewerbebau<\/td><td class=\"column-4\">2009 \/ 07<\/td>\n<\/tr>\n<tr class=\"row-217 odd\">\n\t<td class=\"column-1\">Herstellung einer Freiausstellung Autohaus Nix<\/td><td class=\"column-2\">Eschborn<\/td><td class=\"column-3\">Autoh\u00e4user<\/td><td class=\"column-4\">2009 \/ 06<\/td>\n<\/tr>\n<tr class=\"row-218 even\">\n\t<td class=\"column-1\">Neubau\/Umbau Porsche Zentrum<\/td><td class=\"column-2\">Baden-Baden<\/td><td class=\"column-3\">Autoh\u00e4user<\/td><td class=\"column-4\">2009 \/ 01 <\/td>\n<\/tr>\n<tr class=\"row-219 odd\">\n\t<td class=\"column-1\">Innenraumneustaltung nach neuer AUDI CI, AUDI Zentrum Graf Hardenberg<\/td><td class=\"column-2\">Konstanz<\/td><td class=\"column-3\">Autoh\u00e4user<\/td><td class=\"column-4\">2008 \/ 09<\/td>\n<\/tr>\n<tr class=\"row-220 even\">\n\t<td class=\"column-1\"><a href=\"https:\/\/a-kd.de\/index.php\/portfolio\/toyota-nix-eschborn\/\"><font color=\"black\">Neubau eines TOYOTA Betriebes Nix<\/a><\/font><\/td><td class=\"column-2\">Eschborn<\/td><td class=\"column-3\">Autoh\u00e4user<\/td><td class=\"column-4\">2008 \/ 03<\/td>\n<\/tr>\n<tr class=\"row-221 odd\">\n\t<td class=\"column-1\"><a href=\"https:\/\/a-kd.de\/index.php\/portfolio\/lexus-forum-frankfurt\/\"><font color=\"black\">Lexus Forum<\/a><\/font><\/td><td class=\"column-2\">Frankfurt<\/td><td class=\"column-3\">Autoh\u00e4user<\/td><td class=\"column-4\">2007 \/ 08 <\/td>\n<\/tr>\n<tr class=\"row-222 even\">\n\t<td class=\"column-1\">Kanalsanierung am VW Autohaus Max Moritz<\/td><td class=\"column-2\">N\u00fcrtingen<\/td><td class=\"column-3\">Autoh\u00e4user<\/td><td class=\"column-4\">2007 \/ 07 <\/td>\n<\/tr>\n<tr class=\"row-223 odd\">\n\t<td class=\"column-1\">Freifl\u00e4chengestaltung Toyota Autohaus Nix<\/td><td class=\"column-2\">Offenbach<\/td><td class=\"column-3\">Autoh\u00e4user<\/td><td class=\"column-4\">2007 \/ 07 <\/td>\n<\/tr>\n<tr class=\"row-224 even\">\n\t<td class=\"column-1\">\u00dcberarbeitung des VW-Ausstellungsraumes Keysberg<\/td><td class=\"column-2\">Haltern<\/td><td class=\"column-3\">Autoh\u00e4user<\/td><td class=\"column-4\">2006 \/ 12<\/td>\n<\/tr>\n<tr class=\"row-225 odd\">\n\t<td class=\"column-1\">Nutzungserweiterung des Autohauses Frohn<\/td><td class=\"column-2\">Bochum<\/td><td class=\"column-3\">Autoh\u00e4user<\/td><td class=\"column-4\">2006 \/ 05<\/td>\n<\/tr>\n<tr class=\"row-226 even\">\n\t<td class=\"column-1\"><a href=\"https:\/\/a-kd.de\/index.php\/portfolio\/autohaus-wojtkowiak\/\"><font color=\"black\">Umbau + Erweiterung ehem. Boschbetrieb zu TOYOTA Autohaus Wojtkowiak<\/a><\/font><\/td><td class=\"column-2\">Friedberg<\/td><td class=\"column-3\">Autoh\u00e4user<\/td><td class=\"column-4\">2006 \/ 04<\/td>\n<\/tr>\n<tr class=\"row-227 odd\">\n\t<td class=\"column-1\"><a href=\"https:\/\/a-kd.de\/index.php\/portfolio\/autohaus-gerstenmaier-baden-baden\/\"><font color=\"black\">Umbau VW Ausstellung gem. VW-CI Autohaus Gerstenmaier<\/a><\/font><\/td><td class=\"column-2\">Baden-Baden<\/td><td class=\"column-3\">Autoh\u00e4user<\/td><td class=\"column-4\">2005 \/ 12<\/td>\n<\/tr>\n<tr class=\"row-228 even\">\n\t<td class=\"column-1\"><a href=\"https:\/\/a-kd.de\/index.php\/portfolio\/bauschatz-sigmaringen\/\"><font color=\"black\">Anbau eines VW-Ausstellungsraumes mit Marktplatzkonzept VW-CI Autohaus Bauschatz<\/a><\/font><\/td><td class=\"column-2\">Sigmaringen<\/td><td class=\"column-3\">Autoh\u00e4user<\/td><td class=\"column-4\">2005 \/ 06<\/td>\n<\/tr>\n<tr class=\"row-229 odd\">\n\t<td class=\"column-1\"><a href=\"https:\/\/a-kd.de\/index.php\/portfolio\/volkswagen-zentrum-karlsruhe\/\"><font color=\"black\">Neubau eines Schauraums VW Zentrum<\/a><\/font><\/td><td class=\"column-2\">Karlsruhe<\/td><td class=\"column-3\">Autoh\u00e4user<\/td><td class=\"column-4\">2004 \/ 12<\/td>\n<\/tr>\n<tr class=\"row-230 even\">\n\t<td class=\"column-1\"><a href=\"https:\/\/a-kd.de\/index.php\/portfolio\/audi-zentrum-karlsruhe\/\"><font color=\"black\">Neuer Schauraum AUDI Zentrum als Hangar mit Empore<\/a><\/font><\/td><td class=\"column-2\">Karlsruhe<\/td><td class=\"column-3\">Autoh\u00e4user<\/td><td class=\"column-4\">2004 \/ 10<\/td>\n<\/tr>\n<tr class=\"row-231 odd\">\n\t<td class=\"column-1\"><a href=\"https:\/\/a-kd.de\/index.php\/portfolio\/hettinger-marktheidenfeld\/\"><font color=\"black\">Neubau eines AUDI Ausstellungsraumes Hettinger<\/a><\/font><\/td><td class=\"column-2\">Marktheidenfeld<\/td><td class=\"column-3\">Autoh\u00e4user<\/td><td class=\"column-4\">2004 \/ 10<\/td>\n<\/tr>\n<tr class=\"row-232 even\">\n\t<td class=\"column-1\"><a href=\"https:\/\/a-kd.de\/index.php\/portfolio\/denkmalgerechte-bestandserfassung-der-9-hauptgebaeuden-zeche-fuerst-leopold-dorsten\/\"><font color=\"black\">Denkmalgerechte Bestandserfassung der 9 Hauptgeb\u00e4uden Zeche F\u00fcrst Leopold<\/a><\/font><\/td><td class=\"column-2\">Dorsten<br \/>\n<br \/>\n<\/td><td class=\"column-3\">Denkmalschutz<\/td><td class=\"column-4\">2004 \/ 04<\/td>\n<\/tr>\n<tr class=\"row-233 odd\">\n\t<td class=\"column-1\"><a href=\"https:\/\/a-kd.de\/index.php\/portfolio\/ambulater-pflegedienst-apd-gelsenkirchen\/\"><font color=\"black\">Umbau eines Wohn- und Gesch\u00e4ftshauses zu einem ambulanten Altenpflegedienst APD<\/a><\/font><\/td><td class=\"column-2\">Gelsenkirchen<\/td><td class=\"column-3\">Verwaltung<\/td><td class=\"column-4\">2003 \/ 11<\/td>\n<\/tr>\n<tr class=\"row-234 even\">\n\t<td class=\"column-1\"><a href=\"https:\/\/a-kd.de\/index.php\/portfolio\/alter-schlachthof-gelsenkirchen\/\"><font color=\"black\">Alter Schlachthof<\/a><\/font><\/td><td class=\"column-2\">Gelsenkirchen<\/td><td class=\"column-3\">Denkmalschutz<\/td><td class=\"column-4\">2003 \/ 10<\/td>\n<\/tr>\n<tr class=\"row-235 odd\">\n\t<td class=\"column-1\"><a href=\"https:\/\/a-kd.de\/index.php\/portfolio\/toyota-autohaus-nix-frankfurt-am-main\/\"><font color=\"black\">Neubau Toyota Autohaus Nix<\/a><\/font><\/td><td class=\"column-2\">Frankfurt am Main<\/td><td class=\"column-3\">Autoh\u00e4user<\/td><td class=\"column-4\">2003 \/ 09<\/td>\n<\/tr>\n<tr class=\"row-236 even\">\n\t<td class=\"column-1\"><a href=\"https:\/\/a-kd.de\/index.php\/portfolio\/neubau-porsche-zentrum-pforzheim\/\"><font color=\"black\">Neubau Porsche Zentrum<\/a><\/font><\/td><td class=\"column-2\">Pforzheim<br \/>\n<br \/>\n<\/td><td class=\"column-3\">Autoh\u00e4user<\/td><td class=\"column-4\">2003 \/ 09<\/td>\n<\/tr>\n<tr class=\"row-237 odd\">\n\t<td class=\"column-1\"><a href=\"https:\/\/a-kd.de\/index.php\/portfolio\/automeile-duesseldorf\/\"><font color=\"black\">Planung eines gemeinschaftlichen Autoforums f\u00fcr 13 Automobilmarken<\/a><\/font><\/td><td class=\"column-2\">D\u00fcsseldorf<\/td><td class=\"column-3\">Projektentwicklung<\/td><td class=\"column-4\">2003 \/ 06<\/td>\n<\/tr>\n<tr class=\"row-238 even\">\n\t<td class=\"column-1\"><a href=\"https:\/\/a-kd.de\/index.php\/portfolio\/neubau-einer-lagerhalle-fuer-den-vertrieb-lagerung-werkstatttechnik-mit-buero-sozialraeumen-hiesel-wetter\/\"><font color=\"black\">Neubau einer Lagerhalle f\u00fcr den Vertrieb + Lagerung Werkstatttechnik mit B\u00fcro- + Sozialr\u00e4umen Hiesel<\/a><\/font><\/td><td class=\"column-2\">Wetter<\/td><td class=\"column-3\">Gewerbebau<\/td><td class=\"column-4\">2002 \/ 01<\/td>\n<\/tr>\n<tr class=\"row-239 odd\">\n\t<td class=\"column-1\"><a href=\"https:\/\/a-kd.de\/index.php\/portfolio\/fit-4-fun-gmbh\/\"><font color=\"black\">Umbau ehem. Arbeitsamt zu einem Fitness-Center Fit 4 Fun GmbH<\/a><\/font><\/td><td class=\"column-2\">Datteln<\/td><td class=\"column-3\">Gewerbebau<\/td><td class=\"column-4\">2001 \/ 06<\/td>\n<\/tr>\n<tr class=\"row-240 even\">\n\t<td class=\"column-1\"><a href=\"https:\/\/a-kd.de\/index.php\/portfolio\/neubau-eines-buero-und-schulungsgebaeudes-mit-lagerhalle-stein-ohg-marl\/\"><font color=\"black\">Neubau eines B\u00fcro- und Schulungsgeb\u00e4udes mit Lagerhalle Firma Stein<\/a><\/font><\/td><td class=\"column-2\">Marl<\/td><td class=\"column-3\">Gewerbebau<\/td><td class=\"column-4\">2001 \/ 06<\/td>\n<\/tr>\n<tr class=\"row-241 odd\">\n\t<td class=\"column-1\"><a href=\"https:\/\/a-kd.de\/index.php\/portfolio\/volkswagen-zentrum-halle-an-der-saale\/\"><font color=\"black\">Volkswagen Zentrum Halle<\/a><\/font><\/td><td class=\"column-2\">Halle<\/td><td class=\"column-3\">Denkmalschutz<\/td><td class=\"column-4\">2000 \/ 12<\/td>\n<\/tr>\n<tr class=\"row-242 even\">\n\t<td class=\"column-1\"><a href=\"https:\/\/a-kd.de\/index.php\/portfolio\/neubau-eines-buerogebaeudes-mit-angegliederter-produktions-und-lagerhalle-computersysteme-lucas-oer-erkenschwick\/\"><font color=\"black\">Neubau eines B\u00fcrogeb\u00e4udes mit angegliederter Produktions- und Lagerhalle Computersysteme Lucas<\/a><\/font><\/td><td class=\"column-2\">Oer Erkenschwick<\/td><td class=\"column-3\">Gewerbebau<\/td><td class=\"column-4\">1998 \/ 06<\/td>\n<\/tr>\n<tr class=\"row-243 odd\">\n\t<td class=\"column-1\"><a href=\"https:\/\/a-kd.de\/index.php\/portfolio\/architekturbuero-klaus-dienberg\/\"><font color=\"black\">Architekturb\u00fcro Klaus Dienberg<\/a><\/font><\/td><td class=\"column-2\">Gelsenkirchen<br \/>\n<\/td><td class=\"column-3\">Wohnh\u00e4user<\/td><td class=\"column-4\">1964 \/ 08<\/td>\n<\/tr>\n<tr class=\"row-244 even\">\n\t<td class=\"column-1\">Errichtung von 2 Lichtmasten u. 2 Einfahrt- \/Fu\u00dfg\u00e4ngerportalen Tiemeyer<\/td><td class=\"column-2\">Bochum<\/td><td class=\"column-3\">Autoh\u00e4user<\/td><td class=\"column-4\"><\/td>\n<\/tr>\n<tr class=\"row-245 odd\">\n\t<td class=\"column-1\">Aufbereitungszentrum Bochum: Nutzungs\u00e4nderung des Reifenlagers<\/td><td class=\"column-2\">Bochum<\/td><td class=\"column-3\">Autoh\u00e4user<\/td><td class=\"column-4\"><\/td>\n<\/tr>\n<tr class=\"row-246 even\">\n\t<td class=\"column-1\">Umnutzung des ehemaligen Kauengeb\u00e4udes der Zeche Hugo<\/td><td class=\"column-2\">Gelsenkirchen<\/td><td class=\"column-3\">Denkmalschutz<\/td><td class=\"column-4\"><\/td>\n<\/tr>\n<tr class=\"row-247 odd\">\n\t<td class=\"column-1\">Errichtung einer Lades\u00e4ule und Werbetafel Autohaus Turowski<\/td><td class=\"column-2\">Gelsenkirchen<\/td><td class=\"column-3\">Autoh\u00e4user<\/td><td class=\"column-4\"><\/td>\n<\/tr>\n<tr class=\"row-248 even\">\n\t<td class=\"column-1\">Erweiterung des Werkstatt + Wartebereichs (Annahme) XXL Meinh\u00f6vel<\/td><td class=\"column-2\">Gelsenkirchen<\/td><td class=\"column-3\">Gewerbebau<\/td><td class=\"column-4\"><\/td>\n<\/tr>\n<tr class=\"row-249 odd\">\n\t<td class=\"column-1\">Errichtung von 2 GW-Verk\u00e4uferb\u00fcros, AUDI Zentrum Graf Hardenberg<\/td><td class=\"column-2\">Reutlingen<\/td><td class=\"column-3\">Autoh\u00e4user<\/td><td class=\"column-4\"><\/td>\n<\/tr>\n<\/tbody>\n<\/table>\n<!-- #tablepress-1 from cache -->[\/vc_column_text][\/vc_column][\/vc_row]<\/p>\n","protected":false},"excerpt":{"rendered":"<p>[vc_row][vc_column width=&#8220;1\/1&#8243;][vc_column_text border_color=&#8220;color-wvjs&#8220;] Mit einem hohen Anspruch an Qualit\u00e4t, Funktionalit\u00e4t, Kreativit\u00e4t, Termingenauigkeit und Kostensicherheit widmen wir uns den uns gestellten [&hellip;]<\/p>\n","protected":false},"author":1,"featured_media":0,"parent":0,"menu_order":0,"comment_status":"closed","ping_status":"closed","template":"","meta":[],"_links":{"self":[{"href":"https:\/\/a-kd.de\/index.php\/wp-json\/wp\/v2\/pages\/73048"}],"collection":[{"href":"https:\/\/a-kd.de\/index.php\/wp-json\/wp\/v2\/pages"}],"about":[{"href":"https:\/\/a-kd.de\/index.php\/wp-json\/wp\/v2\/types\/page"}],"author":[{"embeddable":true,"href":"https:\/\/a-kd.de\/index.php\/wp-json\/wp\/v2\/users\/1"}],"replies":[{"embeddable":true,"href":"https:\/\/a-kd.de\/index.php\/wp-json\/wp\/v2\/comments?post=73048"}],"version-history":[{"count":45,"href":"https:\/\/a-kd.de\/index.php\/wp-json\/wp\/v2\/pages\/73048\/revisions"}],"predecessor-version":[{"id":77443,"href":"https:\/\/a-kd.de\/index.php\/wp-json\/wp\/v2\/pages\/73048\/revisions\/77443"}],"wp:attachment":[{"href":"https:\/\/a-kd.de\/index.php\/wp-json\/wp\/v2\/media?parent=73048"}],"curies":[{"name":"wp","href":"https:\/\/api.w.org\/{rel}","templated":true}]}}